{"id":4300,"date":"2019-04-04T16:45:54","date_gmt":"2019-04-04T14:45:54","guid":{"rendered":"https:\/\/shiatsuverband.ch\/?page_id=4300"},"modified":"2026-03-04T13:46:55","modified_gmt":"2026-03-04T12:46:55","slug":"presse-archive","status":"publish","type":"page","link":"https:\/\/shiatsuverband.ch\/fr\/actualite\/presse-archive\/","title":{"rendered":"Archives de presse"},"content":{"rendered":"\n<style type=\"text\/css\" data-created_by=\"avia_inline_auto\" id=\"style-css-av-ju2p2haz-23330660a01a98964e30315b62f6ffbe\">\n.avia-section.av-ju2p2haz-23330660a01a98964e30315b62f6ffbe{\nbackground-repeat:no-repeat;\nbackground-image:url(https:\/\/shiatsuverband.ch\/wp-content\/uploads\/2019\/05\/Banner-3.jpg);\nbackground-position:50% 50%;\nbackground-attachment:scroll;\n}\n<\/style>\n<div id='av_section_1'  class='avia-section av-ju2p2haz-23330660a01a98964e30315b62f6ffbe main_color avia-section-no-padding avia-no-border-styling  avia-builder-el-0  el_before_av_section  avia-builder-el-first  margin-top-color-section av-small-hide av-mini-hide avia-full-stretch avia-bg-style-scroll av-minimum-height av-minimum-height-custom av-height-custom  container_wrap fullsize'  data-section-bg-repeat='stretch' data-av_minimum_height_px='440'><div class='container av-section-cont-open' style='height:440px'><main  role=\"main\" itemprop=\"mainContentOfPage\"  class='template-page content  av-content-full alpha units'><div class='post-entry post-entry-type-page post-entry-4300'><div class='entry-content-wrapper clearfix'>\n<\/div><\/div><\/main><!-- close content main element --><\/div><\/div>\n<style type=\"text\/css\" data-created_by=\"avia_inline_auto\" id=\"style-css-av-juldoq0r-316b58829bbb42d721a7df903d8f03eb\">\n.avia-section.av-juldoq0r-316b58829bbb42d721a7df903d8f03eb{\nbackground-color:#009ed0;\nbackground-image:unset;\n}\n<\/style>\n<div id='av_section_2'  class='avia-section av-juldoq0r-316b58829bbb42d721a7df903d8f03eb main_color avia-section-no-padding avia-no-border-styling  avia-builder-el-1  el_after_av_section  el_before_av_textblock  color-section-title avia-bg-style-scroll container_wrap fullsize'  ><div class='container av-section-cont-open' ><div class='template-page content  av-content-full alpha units'><div class='post-entry post-entry-type-page post-entry-4300'><div class='entry-content-wrapper clearfix'>\n\n<style type=\"text\/css\" data-created_by=\"avia_inline_auto\" id=\"style-css-av-juldp5op-eb15166013101c8b5ba3d36b4655d3c0\">\n#top .hr.hr-invisible.av-juldp5op-eb15166013101c8b5ba3d36b4655d3c0{\nheight:40px;\n}\n<\/style>\n<div  class='hr av-juldp5op-eb15166013101c8b5ba3d36b4655d3c0 hr-invisible  avia-builder-el-2  el_before_av_textblock  avia-builder-el-first '><span class='hr-inner '><span class=\"hr-inner-style\"><\/span><\/span><\/div>\n<section  class='av_textblock_section av-juldpd9d-6710d841ae43c95a240180f62029af8f '   itemscope=\"itemscope\" itemtype=\"https:\/\/schema.org\/CreativeWork\" ><div class='avia_textblock'  itemprop=\"text\" ><h1 class=\"h1-white\">Archives de presse<\/h1>\n<\/div><\/section>\n<\/div><\/div><\/div><!-- close content main div --><\/div><\/div><div id='after_section_2'  class='main_color av_default_container_wrap container_wrap fullsize'  ><div class='container av-section-cont-open' ><div class='template-page content  av-content-full alpha units'><div class='post-entry post-entry-type-page post-entry-4300'><div class='entry-content-wrapper clearfix'>\n<section  class='av_textblock_section av-11y0v-09dac3f968e7743c8ce0c24daaa6d7fb '   itemscope=\"itemscope\" itemtype=\"https:\/\/schema.org\/CreativeWork\" ><div class='avia_textblock'  itemprop=\"text\" ><h2>Les articles suivants sont parus en fran\u00e7ais<\/h2>\n<\/div><\/section>\n\n<style type=\"text\/css\" data-created_by=\"avia_inline_auto\" id=\"style-css-av-ktco0adj-efc46a32b6adf12b24c5eebf4152851d\">\n#top .togglecontainer.av-ktco0adj-efc46a32b6adf12b24c5eebf4152851d p.toggler{\nbackground-color:#ffffff;\nborder-color:#00667a;\n}\n#top .togglecontainer.av-ktco0adj-efc46a32b6adf12b24c5eebf4152851d p.toggler.activeTitle{\ncolor:#ffffff;\nborder-color:#ffffff;\nbackground-color:#00667a;\n}\n#top .togglecontainer.av-ktco0adj-efc46a32b6adf12b24c5eebf4152851d p.toggler:not(.activeTitle):hover{\ncolor:#ffffff;\nbackground-color:#00667a;\n}\n#top .togglecontainer.av-ktco0adj-efc46a32b6adf12b24c5eebf4152851d p.toggler:not(.activeTitle):hover .toggle_icon, #top .togglecontainer.av-ktco0adj-efc46a32b6adf12b24c5eebf4152851d p.toggler:not(.activeTitle):hover .toggle_icon *{\nborder-color:#ffffff !important;\n}\n#top .togglecontainer.av-ktco0adj-efc46a32b6adf12b24c5eebf4152851d .toggle_wrap .toggle_content{\nbackground-color:#ffffff;\nborder-color:#00667a;\n}\n<\/style>\n<div  class='togglecontainer av-ktco0adj-efc46a32b6adf12b24c5eebf4152851d av-elegant-toggle  avia-builder-el-5  el_after_av_textblock  el_before_av_hr  toggle_close_all hasCurrentStyle' >\n<section class='av_toggle_section av-ktcnzjmd-5-1-e18f7ec0596bef3477a458bc89b1f0db'  itemscope=\"itemscope\" itemtype=\"https:\/\/schema.org\/CreativeWork\" ><div role=\"tablist\" class=\"single_toggle\" data-tags=\"{Tout} \"  ><p id='toggle-toggle-id-1' data-fake-id='#toggle-id-1' class='toggler  av-title-above av-inherit-border-color'  itemprop=\"headline\"  role='tab' tabindex='0' aria-controls='toggle-id-1' data-slide-speed=\"200\" data-title=\"2022\" data-title-open=\"\" data-aria_collapsed=\"Cliquez pour \u00e9tendre : 2022\" data-aria_expanded=\"Cliquez pour r\u00e9duire : 2022\">2022<span class=\"toggle_icon\"><span class=\"vert_icon\"><\/span><span class=\"hor_icon\"><\/span><\/span><\/p><div id='toggle-id-1' aria-labelledby='toggle-toggle-id-1' role='region' class='toggle_wrap  av-title-above'  ><div class='toggle_content invers-color av-inherit-border-color'  itemprop=\"text\" ><p><a href=\"https:\/\/www.millefolia.ch\/fr\/shiatsu-en-cas-de-migraine\/\">08.11.2022 \u2013 Shiatsu en cas de migraine<\/a> Contribution r\u00e9dactionnelle 2022, Millefolia<\/p>\n<\/div><\/div><\/div><\/section>\n<section class='av_toggle_section av-ktcnzjmd-5-3f9f92c766d80b5e0121b3c94e77cc3f'  itemscope=\"itemscope\" itemtype=\"https:\/\/schema.org\/CreativeWork\" ><div role=\"tablist\" class=\"single_toggle\" data-tags=\"{Tout} \"  ><p id='toggle-toggle-id-2' data-fake-id='#toggle-id-2' class='toggler  av-title-above av-inherit-border-color'  itemprop=\"headline\"  role='tab' tabindex='0' aria-controls='toggle-id-2' data-slide-speed=\"200\" data-title=\"2021\" data-title-open=\"\" data-aria_collapsed=\"Cliquez pour \u00e9tendre : 2021\" data-aria_expanded=\"Cliquez pour r\u00e9duire : 2021\">2021<span class=\"toggle_icon\"><span class=\"vert_icon\"><\/span><span class=\"hor_icon\"><\/span><\/span><\/p><div id='toggle-id-2' aria-labelledby='toggle-toggle-id-2' role='region' class='toggle_wrap  av-title-above'  ><div class='toggle_content invers-color av-inherit-border-color'  itemprop=\"text\" ><p><a href=\"https:\/\/www.millefolia.ch\/fr\/prendre-soin-de-soi-pendant-lhiver-du-covid-19\/\">19.01.2021 \u2013 Prendre soin de soi<\/a> Contribution r\u00e9dactionnelle 2021 Millefolia<\/p>\n<\/div><\/div><\/div><\/section>\n<section class='av_toggle_section av-ktcnzjmd-f0be0332784b229a62db46b7be2a60f9'  itemscope=\"itemscope\" itemtype=\"https:\/\/schema.org\/CreativeWork\" ><div role=\"tablist\" class=\"single_toggle\" data-tags=\"{Tout} \"  ><p id='toggle-toggle-id-3' data-fake-id='#toggle-id-3' class='toggler  av-title-above av-inherit-border-color'  itemprop=\"headline\"  role='tab' tabindex='0' aria-controls='toggle-id-3' data-slide-speed=\"200\" data-title=\"2020\" data-title-open=\"\" data-aria_collapsed=\"Cliquez pour \u00e9tendre : 2020\" data-aria_expanded=\"Cliquez pour r\u00e9duire : 2020\">2020<span class=\"toggle_icon\"><span class=\"vert_icon\"><\/span><span class=\"hor_icon\"><\/span><\/span><\/p><div id='toggle-id-3' aria-labelledby='toggle-toggle-id-3' role='region' class='toggle_wrap  av-title-above'  ><div class='toggle_content invers-color av-inherit-border-color'  itemprop=\"text\" ><p><a href=\"https:\/\/shiatsuverband.ch\/wp-content\/uploads\/2020\/09\/20200929_Coopzeitung_Verspannungen_FR.pdf\" target=\"_blank\" rel=\"noopener\">29.09.2020 \u2013 Les tensions \u2013 quand le moindre mouvement fait mal\u00a0<\/a>\u00a0 Contribution r\u00e9dactionnelle 2020 Journal de la Coop<br \/>\n<a href=\"https:\/\/shiatsuverband.ch\/wp-content\/uploads\/2020\/09\/20200109_GHI_LC_La-pression-douce-du-shiatsu-soulage-les-troubles-recurrents.pdf\" target=\"_blank\" rel=\"noopener\">03.09.2020 \u2013 La pression douce du shiatsu soulage les troubles r\u00e9currents<\/a>\u00a0 Contribution r\u00e9dactionnelle 2020 Lausanne Cit\u00e9s et GHI<br \/>\n<a href=\"https:\/\/www.millefolia.ch\/fr\/ce-toucher-cible-qui-retablit-lequilibre-interieur\/\" target=\"_blank\" rel=\"noopener\">17.02.2020 \u2013 Ce toucher cibl\u00e9 qui r\u00e9tablit l\u2019\u00e9quilibre int\u00e9rieur<\/a>\u00a0 Contribution r\u00e9dactionnelle 2020 Millefolia<\/p>\n<\/div><\/div><\/div><\/section>\n<section class='av_toggle_section av-ktcnzjmd-11-48b688e08e84cf93331f0773963532ed'  itemscope=\"itemscope\" itemtype=\"https:\/\/schema.org\/CreativeWork\" ><div role=\"tablist\" class=\"single_toggle\" data-tags=\"{Tout} \"  ><p id='toggle-toggle-id-4' data-fake-id='#toggle-id-4' class='toggler  av-title-above av-inherit-border-color'  itemprop=\"headline\"  role='tab' tabindex='0' aria-controls='toggle-id-4' data-slide-speed=\"200\" data-title=\"2019\" data-title-open=\"\" data-aria_collapsed=\"Cliquez pour \u00e9tendre : 2019\" data-aria_expanded=\"Cliquez pour r\u00e9duire : 2019\">2019<span class=\"toggle_icon\"><span class=\"vert_icon\"><\/span><span class=\"hor_icon\"><\/span><\/span><\/p><div id='toggle-id-4' aria-labelledby='toggle-toggle-id-4' role='region' class='toggle_wrap  av-title-above'  ><div class='toggle_content invers-color av-inherit-border-color'  itemprop=\"text\" ><p><a href=\"https:\/\/shiatsuverband.ch\/wp-content\/uploads\/2019\/10\/20191018_Helsana_Ratgeber_Herz_FR.pdf\" target=\"_blank\" rel=\"noopener\">18.10.2019 \u2013 La m\u00e9decine cardiaque dans le monde<\/a>\u00a0 Contribution r\u00e9dactionnelle 2019 Ratgeber Herz von Helsana<\/p>\n<\/div><\/div><\/div><\/section>\n<section class='av_toggle_section av-ktcnzjmd-10-c56acbb4f04d8dd8e024ba69f1ad1641'  itemscope=\"itemscope\" itemtype=\"https:\/\/schema.org\/CreativeWork\" ><div role=\"tablist\" class=\"single_toggle\" data-tags=\"{Tout} \"  ><p id='toggle-toggle-id-5' data-fake-id='#toggle-id-5' class='toggler  av-title-above av-inherit-border-color'  itemprop=\"headline\"  role='tab' tabindex='0' aria-controls='toggle-id-5' data-slide-speed=\"200\" data-title=\"2018\" data-title-open=\"\" data-aria_collapsed=\"Cliquez pour \u00e9tendre : 2018\" data-aria_expanded=\"Cliquez pour r\u00e9duire : 2018\">2018<span class=\"toggle_icon\"><span class=\"vert_icon\"><\/span><span class=\"hor_icon\"><\/span><\/span><\/p><div id='toggle-id-5' aria-labelledby='toggle-toggle-id-5' role='region' class='toggle_wrap  av-title-above'  ><div class='toggle_content invers-color av-inherit-border-color'  itemprop=\"text\" ><p><a href=\"https:\/\/www.migrosmagazine.ch\/de-la-medecine-douce-pour-les-seniors\">\u00abLes bienfaits de la m\u00e9decine douce chez les s\u00e9niors\u00bb<\/a>\u00a0 Contribution r\u00e9dactionnelle 2018 Migros Magazine<\/p>\n<\/div><\/div><\/div><\/section>\n<section class='av_toggle_section av-ktcnzjmd-9-15fe2c30f6cbad049bc6808deaf19570'  itemscope=\"itemscope\" itemtype=\"https:\/\/schema.org\/CreativeWork\" ><div role=\"tablist\" class=\"single_toggle\" data-tags=\"{Tout} \"  ><p id='toggle-toggle-id-6' data-fake-id='#toggle-id-6' class='toggler  av-title-above av-inherit-border-color'  itemprop=\"headline\"  role='tab' tabindex='0' aria-controls='toggle-id-6' data-slide-speed=\"200\" data-title=\"2017\" data-title-open=\"\" data-aria_collapsed=\"Cliquez pour \u00e9tendre : 2017\" data-aria_expanded=\"Cliquez pour r\u00e9duire : 2017\">2017<span class=\"toggle_icon\"><span class=\"vert_icon\"><\/span><span class=\"hor_icon\"><\/span><\/span><\/p><div id='toggle-id-6' aria-labelledby='toggle-toggle-id-6' role='region' class='toggle_wrap  av-title-above'  ><div class='toggle_content invers-color av-inherit-border-color'  itemprop=\"text\" ><p><a href=\"https:\/\/shiatsuverband.ch\/wp-content\/uploads\/2019\/04\/02_pm_shiatsu_komplementaertherapie_f_final.pdf\" target=\"_blank\" rel=\"noopener\">\u00abLe dipl\u00f4me f\u00e9d\u00e9ral garantit la qualit\u00e9 des soins\u00bb<\/a>\u00a0 Communiqu\u00e9 de presse 2017<br \/>\n<a href=\"https:\/\/impuls.migros.ch\/fr\/relaxation\/sommeil\/mieux-dormir\/apprendre-a-se-detendre\" target=\"_blank\" rel=\"noopener\">Migros-Impuls<\/a>\u00a0 Contribution r\u00e9dactionnelle 2017<\/p>\n<\/div><\/div><\/div><\/section>\n<section class='av_toggle_section av-ktcnzjmd-8-315bd4f032f46a160f7dea3cfa636392'  itemscope=\"itemscope\" itemtype=\"https:\/\/schema.org\/CreativeWork\" ><div role=\"tablist\" class=\"single_toggle\" data-tags=\"{Tout} \"  ><p id='toggle-toggle-id-7' data-fake-id='#toggle-id-7' class='toggler  av-title-above av-inherit-border-color'  itemprop=\"headline\"  role='tab' tabindex='0' aria-controls='toggle-id-7' data-slide-speed=\"200\" data-title=\"2016\" data-title-open=\"\" data-aria_collapsed=\"Cliquez pour \u00e9tendre : 2016\" data-aria_expanded=\"Cliquez pour r\u00e9duire : 2016\">2016<span class=\"toggle_icon\"><span class=\"vert_icon\"><\/span><span class=\"hor_icon\"><\/span><\/span><\/p><div id='toggle-id-7' aria-labelledby='toggle-toggle-id-7' role='region' class='toggle_wrap  av-title-above'  ><div class='toggle_content invers-color av-inherit-border-color'  itemprop=\"text\" ><p><a href=\"https:\/\/shiatsuverband.ch\/wp-content\/uploads\/2019\/03\/ILHP2016_43_0056_0065_GUIDE_MASSAGES.pdf\" target=\"_blank\" rel=\"noopener\">Illustr\u00e9 \u00abun art du toucher\u00bb<\/a>\u00a0 Contribution r\u00e9dactionnelle 2016<br \/>\n<a href=\"https:\/\/shiatsuverband.ch\/wp-content\/uploads\/2019\/03\/PRINT-FR-drittel-seite-medical-tribune-anzeige-shiatsu.pdf\" target=\"_blank\" rel=\"noopener\">Medical Tribune \u00abLe Shiatsu soulage et soutient\u00bb<\/a>\u00a0 Contribution r\u00e9dactionnelle 2016<br \/>\n<a href=\"https:\/\/shiatsuverband.ch\/wp-content\/uploads\/2019\/03\/PM2016_Shiatsu_Lehrgaenge_akkreditiert_F_FINAL.pdf\" target=\"_blank\" rel=\"noopener\">\u00abD\u00e9marrage de formations de Shiatsu accr\u00e9dit\u00e9es\u00bb<\/a>\u00a0 Communiqu\u00e9 de presse 2016<br \/>\n<a href=\"https:\/\/shiatsuverband.ch\/wp-content\/uploads\/2019\/03\/161974_F_Bulletin_23_dakomed_Web.pdf\" target=\"_blank\" rel=\"noopener\"> Dakomed \u00abOn touche au but!\u00bb<\/a>\u00a0 Contribution r\u00e9dactionnelle 2016<\/p>\n<\/div><\/div><\/div><\/section>\n<section class='av_toggle_section av-ktcnzjmd-7-d625bc7be2dcbf8cf90408155247a112'  itemscope=\"itemscope\" itemtype=\"https:\/\/schema.org\/CreativeWork\" ><div role=\"tablist\" class=\"single_toggle\" data-tags=\"{Tout} \"  ><p id='toggle-toggle-id-8' data-fake-id='#toggle-id-8' class='toggler  av-title-above av-inherit-border-color'  itemprop=\"headline\"  role='tab' tabindex='0' aria-controls='toggle-id-8' data-slide-speed=\"200\" data-title=\"2015\" data-title-open=\"\" data-aria_collapsed=\"Cliquez pour \u00e9tendre : 2015\" data-aria_expanded=\"Cliquez pour r\u00e9duire : 2015\">2015<span class=\"toggle_icon\"><span class=\"vert_icon\"><\/span><span class=\"hor_icon\"><\/span><\/span><\/p><div id='toggle-id-8' aria-labelledby='toggle-toggle-id-8' role='region' class='toggle_wrap  av-title-above'  ><div class='toggle_content invers-color av-inherit-border-color'  itemprop=\"text\" ><p><a href=\"https:\/\/shiatsuverband.ch\/wp-content\/uploads\/2019\/03\/Vivai_AuszugSchlafen_F.pdf\" target=\"_blank\" rel=\"noopener\"> Vivai \u00abLe sommeil\u00bb<\/a>\u00a0 Contribution r\u00e9dactionnelle 2015<br \/>\n<a href=\"https:\/\/shiatsuverband.ch\/wp-content\/uploads\/2019\/03\/2015_Migros_Medical_Tribune_Burnout.pdf\" target=\"_blank\" rel=\"noopener\">Migros Magazin\/Primary Care\/Astrea\/Hausapotheke etc. \u00abLe shiatsu en cas de burnout\u00bb<\/a>\u00a0 Publireportage 2014\/2015<br \/>\n<a href=\"https:\/\/shiatsuverband.ch\/wp-content\/uploads\/2019\/03\/2015_Medical_Tribune_Burnout.pdf\" target=\"_blank\" rel=\"noopener\">Medical Tribune \u00abLe Burn-out menance\u2026\u00bb<\/a>\u00a0 Publireportage 2014\/2015<\/p>\n<\/div><\/div><\/div><\/section>\n<section class='av_toggle_section av-ktcnzjmd-5-1-1-54b62b8e2ca89a4972f0b8bd508c7fd3'  itemscope=\"itemscope\" itemtype=\"https:\/\/schema.org\/CreativeWork\" ><div role=\"tablist\" class=\"single_toggle\" data-tags=\"{Tout} \"  ><p id='toggle-toggle-id-9' data-fake-id='#toggle-id-9' class='toggler  av-title-above av-inherit-border-color'  itemprop=\"headline\"  role='tab' tabindex='0' aria-controls='toggle-id-9' data-slide-speed=\"200\" data-title=\"2013\" data-title-open=\"\" data-aria_collapsed=\"Cliquez pour \u00e9tendre : 2013\" data-aria_expanded=\"Cliquez pour r\u00e9duire : 2013\">2013<span class=\"toggle_icon\"><span class=\"vert_icon\"><\/span><span class=\"hor_icon\"><\/span><\/span><\/p><div id='toggle-id-9' aria-labelledby='toggle-toggle-id-9' role='region' class='toggle_wrap  av-title-above'  ><div class='toggle_content invers-color av-inherit-border-color'  itemprop=\"text\" ><p><a href=\"https:\/\/shiatsuverband.ch\/wp-content\/uploads\/2019\/03\/2013_Zeitlupe_Primary_Care_Schulter_Nacken.pdf\" target=\"_blank\" rel=\"noopener\">Zeitlupe \u00abDouleurs des \u00e9paules et de la nuque\u00bb<\/a>\u00a0 Publireportage 2013<br \/>\n<a href=\"https:\/\/shiatsuverband.ch\/wp-content\/uploads\/2019\/03\/2013_Courier.pdf\" target=\"_blank\" rel=\"noopener\">Courier \u00abDouleurs des \u00e9paules et de la nuque\u00bb<\/a>\u00a0 Publireportage 2013<\/p>\n<\/div><\/div><\/div><\/section>\n<section class='av_toggle_section av-ktcnzjmd-6-795dc69bde6fe7f89ab4b993603dbdaa'  itemscope=\"itemscope\" itemtype=\"https:\/\/schema.org\/CreativeWork\" ><div role=\"tablist\" class=\"single_toggle\" data-tags=\"{Tout} \"  ><p id='toggle-toggle-id-10' data-fake-id='#toggle-id-10' class='toggler  av-title-above av-inherit-border-color'  itemprop=\"headline\"  role='tab' tabindex='0' aria-controls='toggle-id-10' data-slide-speed=\"200\" data-title=\"2014\" data-title-open=\"\" data-aria_collapsed=\"Cliquez pour \u00e9tendre : 2014\" data-aria_expanded=\"Cliquez pour r\u00e9duire : 2014\">2014<span class=\"toggle_icon\"><span class=\"vert_icon\"><\/span><span class=\"hor_icon\"><\/span><\/span><\/p><div id='toggle-id-10' aria-labelledby='toggle-toggle-id-10' role='region' class='toggle_wrap  av-title-above'  ><div class='toggle_content invers-color av-inherit-border-color'  itemprop=\"text\" ><p><a href=\"https:\/\/shiatsuverband.ch\/wp-content\/uploads\/2019\/03\/2014_Inserat_PrimaryCare.pdf\" target=\"_blank\" rel=\"noopener\">Primary Care \u00abTh\u00e9rapeute de shiatsu \u2013 une profession\u00bb<\/a>\u00a0 Publireportage 2014<\/p>\n<\/div><\/div><\/div><\/section>\n<\/div>\n\n<style type=\"text\/css\" data-created_by=\"avia_inline_auto\" id=\"style-css-av-jsib5kl0-0aeac1cd55781bc9a93c838b13467e7b\">\n#top .hr.hr-invisible.av-jsib5kl0-0aeac1cd55781bc9a93c838b13467e7b{\nheight:50px;\n}\n<\/style>\n<div  class='hr av-jsib5kl0-0aeac1cd55781bc9a93c838b13467e7b hr-invisible  avia-builder-el-6  el_after_av_toggle_container  el_before_av_textblock '><span class='hr-inner '><span class=\"hr-inner-style\"><\/span><\/span><\/div>\n<section  class='av_textblock_section av-11y0v-12-772a40f3da962b82d44ad67a4be52c77 '   itemscope=\"itemscope\" itemtype=\"https:\/\/schema.org\/CreativeWork\" ><div class='avia_textblock'  itemprop=\"text\" ><h2>Les articles suivants sont parus en allemand<\/h2>\n<\/div><\/section>\n\n<style type=\"text\/css\" data-created_by=\"avia_inline_auto\" id=\"style-css-av-ktcor0zp-15dbb8bdddeb64e0eac9af73b30f7049\">\n#top .togglecontainer.av-ktcor0zp-15dbb8bdddeb64e0eac9af73b30f7049 p.toggler{\nbackground-color:#ffffff;\nborder-color:#00667a;\n}\n#top .togglecontainer.av-ktcor0zp-15dbb8bdddeb64e0eac9af73b30f7049 p.toggler.activeTitle{\ncolor:#ffffff;\nborder-color:#ffffff;\nbackground-color:#00667a;\n}\n#top .togglecontainer.av-ktcor0zp-15dbb8bdddeb64e0eac9af73b30f7049 p.toggler:not(.activeTitle):hover{\ncolor:#ffffff;\nbackground-color:#00667a;\n}\n#top .togglecontainer.av-ktcor0zp-15dbb8bdddeb64e0eac9af73b30f7049 p.toggler:not(.activeTitle):hover .toggle_icon, #top .togglecontainer.av-ktcor0zp-15dbb8bdddeb64e0eac9af73b30f7049 p.toggler:not(.activeTitle):hover .toggle_icon *{\nborder-color:#ffffff !important;\n}\n#top .togglecontainer.av-ktcor0zp-15dbb8bdddeb64e0eac9af73b30f7049 .toggle_wrap .toggle_content{\nbackground-color:#ffffff;\nborder-color:#00667a;\n}\n<\/style>\n<div  class='togglecontainer av-ktcor0zp-15dbb8bdddeb64e0eac9af73b30f7049 av-elegant-toggle  avia-builder-el-8  el_after_av_textblock  el_before_av_hr  toggle_close_all hasCurrentStyle' >\n<section class='av_toggle_section av-mmc14xiv-d1962eeb3062d8c2b923355ee77df015'  itemscope=\"itemscope\" itemtype=\"https:\/\/schema.org\/CreativeWork\" ><div role=\"tablist\" class=\"single_toggle\" data-tags=\"{Tout} \"  ><p id='toggle-toggle-id-11' data-fake-id='#toggle-id-11' class='toggler  av-title-above av-inherit-border-color'  itemprop=\"headline\"  role='tab' tabindex='0' aria-controls='toggle-id-11' data-slide-speed=\"200\" data-title=\"2026\" data-title-open=\"\" data-aria_collapsed=\"Cliquez pour \u00e9tendre : 2026\" data-aria_expanded=\"Cliquez pour r\u00e9duire : 2026\">2026<span class=\"toggle_icon\"><span class=\"vert_icon\"><\/span><span class=\"hor_icon\"><\/span><\/span><\/p><div id='toggle-id-11' aria-labelledby='toggle-toggle-id-11' role='region' class='toggle_wrap  av-title-above'  ><div class='toggle_content invers-color av-inherit-border-color'  itemprop=\"text\" ><p>27.02.2026 &#8211; <a href=\"https:\/\/magazin.hohenegg.ch\/2026\/02\/27\/wirkung-von-shiatsu\/\">Wertvolle Wirkung von Shiatsu in psychologischen Krisen<\/a>, Redaktioneller Beitrag Privatklinik Hohenegg<\/p>\n<\/div><\/div><\/div><\/section>\n<section class='av_toggle_section av-meiagv6v-3b0e5eff16ac0f96afbed6808fb8bdba'  itemscope=\"itemscope\" itemtype=\"https:\/\/schema.org\/CreativeWork\" ><div role=\"tablist\" class=\"single_toggle\" data-tags=\"{Tout} \"  ><p id='toggle-toggle-id-12' data-fake-id='#toggle-id-12' class='toggler  av-title-above av-inherit-border-color'  itemprop=\"headline\"  role='tab' tabindex='0' aria-controls='toggle-id-12' data-slide-speed=\"200\" data-title=\"2025\" data-title-open=\"\" data-aria_collapsed=\"Cliquez pour \u00e9tendre : 2025\" data-aria_expanded=\"Cliquez pour r\u00e9duire : 2025\">2025<span class=\"toggle_icon\"><span class=\"vert_icon\"><\/span><span class=\"hor_icon\"><\/span><\/span><\/p><div id='toggle-id-12' aria-labelledby='toggle-toggle-id-12' role='region' class='toggle_wrap  av-title-above'  ><div class='toggle_content invers-color av-inherit-border-color'  itemprop=\"text\" ><p><a href=\"https:\/\/shiatsuverband.ch\/wp-content\/uploads\/2026\/01\/12-7.1-Shiatsu_in_der_Schweiz_Shiatsu_Journal_2025.pdf\">01.12.2025 &#8211; Eine Ansicht \u00fcber Shiatsu in der Schweiz<\/a> Redaktioneller Beitrag 2025, Shiatsu Journal<\/p>\n<p><a href=\"https:\/\/shiatsuverband.ch\/wp-content\/uploads\/2025\/01\/12-7.1-Oliv_Sanasearch_20250101.jpg\">31.01.2025 &#8211; Den Energiefluss harmonisieren mit Shiatsu<\/a>\u00a0Redaktioneller Beitrag 2025, Zeitschrift Oliv<\/p>\n<\/div><\/div><\/div><\/section>\n<section class='av_toggle_section av-meiagdv9-b22f21945b7b5adb45bc29996b1a05ec'  itemscope=\"itemscope\" itemtype=\"https:\/\/schema.org\/CreativeWork\" ><div role=\"tablist\" class=\"single_toggle\" data-tags=\"{Tout} \"  ><p id='toggle-toggle-id-13' data-fake-id='#toggle-id-13' class='toggler  av-title-above av-inherit-border-color'  itemprop=\"headline\"  role='tab' tabindex='0' aria-controls='toggle-id-13' data-slide-speed=\"200\" data-title=\"2024\" data-title-open=\"\" data-aria_collapsed=\"Cliquez pour \u00e9tendre : 2024\" data-aria_expanded=\"Cliquez pour r\u00e9duire : 2024\">2024<span class=\"toggle_icon\"><span class=\"vert_icon\"><\/span><span class=\"hor_icon\"><\/span><\/span><\/p><div id='toggle-id-13' aria-labelledby='toggle-toggle-id-13' role='region' class='toggle_wrap  av-title-above'  ><div class='toggle_content invers-color av-inherit-border-color'  itemprop=\"text\" ><p><a href=\"https:\/\/shiatsuverband.ch\/wp-content\/uploads\/2024\/10\/12-7.1-Forum-Nr.-108_Mitglieder_Oda_KT.pdf\">2024 &#8211; Forum Nr. 108 &#8211; Mitglieder der OdA KT<\/a> Redaktioneller Beitrag 2024, Forum Kinesiologie<\/p>\n<p><a href=\"https:\/\/shiatsuverband.ch\/wp-content\/uploads\/2024\/08\/ftMedien_Shiatsu_bei_Behinderung.jpg\">2024 &#8211; Neue Wege finden: Shiatsu bei Behinderung<\/a>\u00a0Redaktioneller Beitrag 2024, ft Medien<\/p>\n<p><a href=\"https:\/\/www.pflege-heime.ch\/blogs\/alterspflege\/shiatsu-unterstutzung-im-alltag\">2024 &#8211; Shiatsu &#8211; eine Unterst\u00fctzung im beschwerten Alltag<\/a> Redaktioneller Beitrag 2024, www.pflege-heime.ch<\/p>\n<\/div><\/div><\/div><\/section>\n<section class='av_toggle_section av-meiagdv9-2-033624c15d0aa4bf28e693511b99a4fa'  itemscope=\"itemscope\" itemtype=\"https:\/\/schema.org\/CreativeWork\" ><div role=\"tablist\" class=\"single_toggle\" data-tags=\"{Tout} \"  ><p id='toggle-toggle-id-14' data-fake-id='#toggle-id-14' class='toggler  av-title-above av-inherit-border-color'  itemprop=\"headline\"  role='tab' tabindex='0' aria-controls='toggle-id-14' data-slide-speed=\"200\" data-title=\"2023\" data-title-open=\"\" data-aria_collapsed=\"Cliquez pour \u00e9tendre : 2023\" data-aria_expanded=\"Cliquez pour r\u00e9duire : 2023\">2023<span class=\"toggle_icon\"><span class=\"vert_icon\"><\/span><span class=\"hor_icon\"><\/span><\/span><\/p><div id='toggle-id-14' aria-labelledby='toggle-toggle-id-14' role='region' class='toggle_wrap  av-title-above'  ><div class='toggle_content invers-color av-inherit-border-color'  itemprop=\"text\" ><p><a href=\"https:\/\/shiatsuverband.ch\/wp-content\/uploads\/2023\/11\/12-7.1-ASCA_DE_231101.pdf\" target=\"_blank\" rel=\"noopener\">20.11.2023 &#8211; \u201eSanfter Druck\u201c<\/a> Redaktioneller Beitrag 2023, Alternance ASCA<\/p>\n<p><a href=\"https:\/\/shiatsuverband.ch\/wp-content\/uploads\/2023\/10\/Beleg_natuerlich_Sept23.pdf\" target=\"_blank\" rel=\"noopener\">01.10.2023 &#8211; \u201eShiatsu st\u00e4rkt die Abwehr\u201c<\/a>\u00a0Redaktioneller Beitrag 2023, nat\u00fcrlich<\/p>\n<p><a href=\"https:\/\/shiatsuverband.ch\/wp-content\/uploads\/2023\/07\/Hausapoth_DE_230711.pdf\" target=\"_blank\" rel=\"noopener\">11.07.2023 &#8211; \u201eMit sanftem Druck das Innerste ber\u00fchren\u201c<\/a> Redaktioneller Beitrag 2023, Hausapotheke<\/p>\n<p><a href=\"https:\/\/shiatsuverband.ch\/wp-content\/uploads\/2023\/05\/Sonntagszeitung_Web_230507.pdf\" target=\"_blank\" rel=\"noopener\">07.05.2023 &#8211; Kampagne \u201eShiatsu leben\u201c<\/a>\u00a0Redaktioneller Beitrag 2023, SonntagsZeitung<\/p>\n<p><a href=\"https:\/\/shiatsuverband.ch\/wp-content\/uploads\/2023\/03\/SF_Familienleben_Shiatsuleben_S21_230302.pdf\" target=\"_blank\" rel=\"noopener\">02.03.2023 &#8211; Kampagne \u201eShiatsu leben\u201c<\/a> Redaktioneller Beitrag 2023, SchweizerFamilie<\/p>\n<p><a href=\"https:\/\/shiatsuverband.ch\/wp-content\/uploads\/2023\/02\/AarauerNachrichten_20230210.pdf\" target=\"_blank\" rel=\"noopener\">10.02.2023 &#8211; \u201eShiatsu bei Kindern\u201c<\/a> Redaktioneller Beitrag 2023, Aarauer Nachrichten<\/p>\n<p><a href=\"https:\/\/shiatsuverband.ch\/wp-content\/uploads\/2023\/02\/Unterland-Zeitung_FitGesundSchoen_20230127.pdf\" target=\"_blank\" rel=\"noopener\">27.01.2023 &#8211; \u201eShiatsu bei Migr\u00e4ne\u201c<\/a> Redaktioneller Beitrag 2023, Unterland Zeitung<\/p>\n<p><a href=\"https:\/\/shiatsuverband.ch\/wp-content\/uploads\/2023\/01\/StGaller-Nachrichten_20230118.pdf\" target=\"_blank\" rel=\"noopener\">18.01.2023 &#8211; \u201eShiatsu bei Kindern\u201c<\/a> Redaktioneller Beitrag 2023, St.Galler Nachrichten<\/p>\n<p><a href=\"https:\/\/shiatsuverband.ch\/wp-content\/uploads\/2023\/01\/ZuerichseeZeitung_Hohenegg_Panik_20230102.pdf\" target=\"_blank\" rel=\"noopener\">02.01.2023 &#8211; Klinik Hohenegg<\/a> Redaktioneller Beitrag 2023, Z\u00fcrichsee-Zeitung<\/p>\n<\/div><\/div><\/div><\/section>\n<section class='av_toggle_section av-ktcoqzfu-1-cdf054a7029855510feb500bd125e92d'  itemscope=\"itemscope\" itemtype=\"https:\/\/schema.org\/CreativeWork\" ><div role=\"tablist\" class=\"single_toggle\" data-tags=\"{Tout} \"  ><p id='toggle-toggle-id-15' data-fake-id='#toggle-id-15' class='toggler  av-title-above av-inherit-border-color'  itemprop=\"headline\"  role='tab' tabindex='0' aria-controls='toggle-id-15' data-slide-speed=\"200\" data-title=\"2022\" data-title-open=\"\" data-aria_collapsed=\"Cliquez pour \u00e9tendre : 2022\" data-aria_expanded=\"Cliquez pour r\u00e9duire : 2022\">2022<span class=\"toggle_icon\"><span class=\"vert_icon\"><\/span><span class=\"hor_icon\"><\/span><\/span><\/p><div id='toggle-id-15' aria-labelledby='toggle-toggle-id-15' role='region' class='toggle_wrap  av-title-above'  ><div class='toggle_content invers-color av-inherit-border-color'  itemprop=\"text\" ><p><a href=\"https:\/\/shiatsuverband.ch\/wp-content\/uploads\/2022\/12\/Sonntagszeitung_S16_20221218.pdf\">18.12.2022 \u2013 Shiatsu bei Migr\u00e4ne<\/a>\u00a0Redaktioneller Beitrag 2022, Sonntagszeitung<\/p>\n<p><a href=\"https:\/\/shiatsuverband.ch\/wp-content\/uploads\/2022\/12\/Annabelle_Gesundheit_ShiatsuKinder_S17_20221125.pdf\">25.11.2022 \u2013 Shiatsu bei Kindern<\/a> Redaktioneller Beitrag 2022, Annabelle<\/p>\n<p><a href=\"https:\/\/shiatsuverband.ch\/wp-content\/uploads\/2022\/11\/Balger-Zittig_DorotheaRohner_Nov22.pdf\">22.11.2022 \u2013 Dorothea Rohner<\/a> Redaktioneller Beitrag 2022, Balger Zitig<\/p>\n<p><a href=\"https:\/\/shiatsuverband.ch\/wp-content\/uploads\/2022\/11\/Kampagne_Glueckspost_November2022_korr.pdf\">09.11.2022 \u2013 Start Shiatsu leben<\/a> Redaktioneller Beitrag 2022, Gl\u00fcckspost<\/p>\n<p><a href=\"https:\/\/www.millefolia.ch\/shiatsu-bei-migraene\/\">08.11.2022 \u2013 Shiatsu bei Migr\u00e4ne<\/a> Redaktioneller Beitrag 2022, Millefolia<\/p>\n<p><a href=\"https:\/\/www.limmattalerzeitung.ch\/limmattal\/region-limmattal\/mein-ding-shiatsu-koerper-und-psyche-kathrin-goodall-will-den-menschen-in-ihrer-shiatsu-therapiepraxis-nachhaltig-helfen-ld.2364535\">03.11.2022 \u2013 Kathrin Goodall<\/a> Redaktioneller Beitrag 2022, Limmattaler Zeitung<\/p>\n<p><a href=\"https:\/\/shiatsuverband.ch\/wp-content\/uploads\/2022\/10\/WynentalerBlatt_20221020.pdf\">20.10.2022 \u2013 Mit sanftem Druck das Innerste ber\u00fchren<\/a> Redaktioneller Beitrag 2022, Wynentaler Blatt<\/p>\n<p><a href=\"https:\/\/shiatsuverband.ch\/wp-content\/uploads\/2022\/09\/Winterthurer-Zeitung_20220908.pdf\">08.09.2022 \u2013 Shiatsu bei Migr\u00e4ne<\/a> Redaktioneller Beitrag 2022, Winterthurer Nachrichten<\/p>\n<p><a href=\"https:\/\/shiatsuverband.ch\/wp-content\/uploads\/2022\/06\/Aarauer-Nachrichten_20220429.pdf\">29.04.2022 \u2013 Shiatsu bei Migr\u00e4ne<\/a> Redaktioneller Beitrag 2022, Aarauer Nachrichten<\/p>\n<p><a href=\"https:\/\/www.swissmom.ch\/de\/schwangerschaft\/entspannung\/shiatsu-in-der-schwangerschaft-100598\">31.03.2022 \u2013 Shiatsu in der Schwangerschaft<\/a> Redaktioneller Beitrag 2022, Swissmom<\/p>\n<p><a href=\"https:\/\/shiatsuverband.ch\/wp-content\/uploads\/2022\/03\/Tagblatt_StadtZH_20220302.pdf\">02.03.2022 \u2013 Shiatsu bei Migr\u00e4ne<\/a>\u00a0Redaktioneller Beitrag 2022, Tagblatt der Stadt Z\u00fcrich<\/p>\n<p><a href=\"https:\/\/shiatsuverband.ch\/wp-content\/uploads\/2022\/03\/Sonntagszeitung_GzD_20220223.pdf\">27.02.2022 \u2013 Mit sanftem Druck das Innerste ber\u00fchren<\/a> Redaktioneller Beitrag 2022, Sonntagszeitung<\/p>\n<p><a href=\"https:\/\/shiatsuverband.ch\/wp-content\/uploads\/2022\/03\/NW_Blitz_20220224.pdf\">24.02.2022 \u2013 Shiatsu bei Migr\u00e4ne<\/a> Redaktioneller Beitrag 2022, Nidwaldner Blitz\/Obwaldner Aktuell<\/p>\n<p><a href=\"https:\/\/shiatsuverband.ch\/wp-content\/uploads\/2022\/03\/Berner_Landbote_20220223.pdf\">23.02.2022 \u2013 Shiatsu bei Migr\u00e4ne<\/a> Redaktioneller Beitrag 2022, Berner Landbote<\/p>\n<p><a href=\"https:\/\/shiatsuverband.ch\/wp-content\/uploads\/2022\/03\/Rontaler_20220217.pdf\">17.02.2022 \u2013 Shiatsu bei Migr\u00e4ne<\/a> Redaktioneller Beitrag 2022, Rontaler Bote<\/p>\n<p><a href=\"https:\/\/shiatsuverband.ch\/wp-content\/uploads\/2022\/01\/FrauenfelderZt_20220127.pdf\">27.01.2022 \u2013 Shiatsu bei Migr\u00e4ne<\/a> Redaktioneller Beitrag 2022, Frauenfelder Zeitung<\/p>\n<p><a href=\"https:\/\/shiatsuverband.ch\/wp-content\/uploads\/2022\/01\/Zuger-Woche_20220126.pdf\">26.01.2022 \u2013 Shiatsu bei Migr\u00e4ne<\/a> Redaktioneller Beitrag 2022, Zuger Woche<\/p>\n<p><a href=\"https:\/\/shiatsuverband.ch\/wp-content\/uploads\/2022\/01\/BasellandschaftlicheZt_20220112.pdf\">12.01.2022 \u2013 Shiatsu bei Migr\u00e4ne<\/a> Redaktioneller Beitrag 2022, Basellandschaftliche Zeitung<\/p>\n<\/div><\/div><\/div><\/section>\n<section class='av_toggle_section av-meiaf7ng-0895b3a6d2ef534d30ffb307ba6ce794'  itemscope=\"itemscope\" itemtype=\"https:\/\/schema.org\/CreativeWork\" ><div role=\"tablist\" class=\"single_toggle\" data-tags=\"{Tout} \"  ><p id='toggle-toggle-id-16' data-fake-id='#toggle-id-16' class='toggler  av-title-above av-inherit-border-color'  itemprop=\"headline\"  role='tab' tabindex='0' aria-controls='toggle-id-16' data-slide-speed=\"200\" data-title=\"2021\" data-title-open=\"\" data-aria_collapsed=\"Cliquez pour \u00e9tendre : 2021\" data-aria_expanded=\"Cliquez pour r\u00e9duire : 2021\">2021<span class=\"toggle_icon\"><span class=\"vert_icon\"><\/span><span class=\"hor_icon\"><\/span><\/span><\/p><div id='toggle-id-16' aria-labelledby='toggle-toggle-id-16' role='region' class='toggle_wrap  av-title-above'  ><div class='toggle_content invers-color av-inherit-border-color'  itemprop=\"text\" ><p><a href=\"https:\/\/shiatsuverband.ch\/wp-content\/uploads\/2021\/10\/2021_Herbst_KeinePanik_APHS.pdf\">01.10.2021 \u2013 Beruhigung durch Ber\u00fchrung \u2013 Shiatsu bei Angstst\u00f6rungen<\/a>\u00a0 Redaktioneller Beitrag 2021 Keine Panik, Magazin APHS<\/p>\n<p><a href=\"https:\/\/shiatsuverband.ch\/wp-content\/uploads\/2021\/09\/20210916_Shiatsu_Winterthurer_Zeitung.pdf\">16.09.2021 \u2013 Shiatsu<\/a>\u00a0Redaktioneller Beitrag 2021 Winterthurer Zeitung<\/p>\n<p><a href=\"https:\/\/shiatsuverband.ch\/wp-content\/uploads\/2021\/09\/Hausapotheke_HPS_August2021.pdf\">27.08.2021 \u2013 Shiatsu<\/a>\u00a0Redaktioneller Beitrag 2021 Schweizer Hausapotheke, ein Artikel der HPS Luzern<\/p>\n<p><a href=\"https:\/\/shiatsuverband.ch\/wp-content\/uploads\/2021\/05\/2021Juni_natuerlich.pdf\">01.06.2021 \u2013 Shiatsu<\/a>\u00a0Redaktioneller Beitrag 2021 Nat\u00fcrlich<\/p>\n<p><a href=\"https:\/\/shiatsuverband.ch\/wp-content\/uploads\/2021\/03\/20210205__2_KreuzlingerNachrichten_Shiatsu.pdf\">25.02.2021 \u2013 Shiatsu<\/a>\u00a0Redaktioneller Beitrag 2021 Kreuzlinger Nachrichten<\/p>\n<p><a href=\"https:\/\/shiatsuverband.ch\/wp-content\/uploads\/2021\/02\/BuendnerNachrichten_Sebstfuersorge_20210212.pdf\">12.02.2021 \u2013 Selbstf\u00fcrsorge<\/a> Redaktioneller Beitrag 2021 B\u00fcndner Nachrichten<\/p>\n<p><a href=\"https:\/\/shiatsuverband.ch\/wp-content\/uploads\/2021\/02\/KreuzlingerNachrichten_Selbstfuersorge_20210211.pdf\">11.02.2021 \u2013 Selbstf\u00fcrsorge<\/a>\u00a0Redaktioneller Beitrag 2021 Kreuzlinger Nachrichten<\/p>\n<p><a href=\"https:\/\/www.millefolia.ch\/corona-winter\/\">19.01.2021 \u2013 Selbstf\u00fcrsorge<\/a>\u00a0Redaktioneller Beitrag 2021 Millefolia<\/p>\n<p><a href=\"https:\/\/shiatsuverband.ch\/wp-content\/uploads\/2021\/01\/ZugerWoche_Selbstfuersorge_20210113.pdf\">13.01.2021 \u2013 Selbstf\u00fcrsorge<\/a> Redaktioneller Beitrag 2021 Zuger Woche<\/p>\n<\/div><\/div><\/div><\/section>\n<section class='av_toggle_section av-ktcomwtt-47fcbc406cfcd5a0405d7957c49cfa99'  itemscope=\"itemscope\" itemtype=\"https:\/\/schema.org\/CreativeWork\" ><div role=\"tablist\" class=\"single_toggle\" data-tags=\"{Tout} \"  ><p id='toggle-toggle-id-17' data-fake-id='#toggle-id-17' class='toggler  av-title-above av-inherit-border-color'  itemprop=\"headline\"  role='tab' tabindex='0' aria-controls='toggle-id-17' data-slide-speed=\"200\" data-title=\"2020\" data-title-open=\"\" data-aria_collapsed=\"Cliquez pour \u00e9tendre : 2020\" data-aria_expanded=\"Cliquez pour r\u00e9duire : 2020\">2020<span class=\"toggle_icon\"><span class=\"vert_icon\"><\/span><span class=\"hor_icon\"><\/span><\/span><\/p><div id='toggle-id-17' aria-labelledby='toggle-toggle-id-17' role='region' class='toggle_wrap  av-title-above'  ><div class='toggle_content invers-color av-inherit-border-color'  itemprop=\"text\" ><p><a href=\"https:\/\/shiatsuverband.ch\/wp-content\/uploads\/2020\/12\/Glueckspost_Shiatsu_Dezember2020.pdf\" target=\"_blank\" rel=\"noopener\">18.12.2020 \u2013 F\u00fcr K\u00f6rper, Geist und Seele<\/a>\u00a0 Contribution r\u00e9dactionnelle 2020 Gl\u00fcckspost<br \/>\n<a href=\"https:\/\/shiatsuverband.ch\/wp-content\/uploads\/2020\/11\/04112020_Tagblatt_der_Stadt_Zuerich_Shiatsu_Gesellschaft.pdf\" target=\"_blank\" rel=\"noopener\">04.11.2020 \u2013 Menschen bei der Behandlung ins Zentrum r\u00fccken<\/a>\u00a0 Contribution r\u00e9dactionnelle 2020 Tagblatt der Stadt Z\u00fcrich<br \/>\n<a href=\"https:\/\/shiatsuverband.ch\/wp-content\/uploads\/2020\/11\/Bericht_KT_NZZ_20201017.pdf\" target=\"_blank\" rel=\"noopener\">17.10.2020 \u2013 Komplement\u00e4rmedizin<\/a>\u00a0 Contribution r\u00e9dactionnelle 2020 NZZ<br \/>\n<a href=\"https:\/\/shiatsuverband.ch\/wp-content\/uploads\/2020\/10\/20201005_MigrosMagazin_ThemaEntspannung_DE-scaled.jpg\" target=\"_blank\" rel=\"noopener\">05.10.2020 \u2013 Entspannung<\/a>\u00a0 Contribution r\u00e9dactionnelle 2020 Migros Magazine<br \/>\n<a href=\"https:\/\/shiatsuverband.ch\/wp-content\/uploads\/2020\/09\/20200929_BaslerWoche.pdf\" target=\"_blank\" rel=\"noopener\">29.09.2020 \u2013 Menschen bei der Behandlung ins Zentrum r\u00fccken<\/a>\u00a0 Contribution r\u00e9dactionnelle 2020 Basler Woche<br \/>\n<a href=\"https:\/\/shiatsuverband.ch\/wp-content\/uploads\/2020\/09\/20200909_WinterthurerZeitung_Menschen-bei-der-Behandlung-ins-Zentrum-ruecken.pdf\" target=\"_blank\" rel=\"noopener\">10.09.2020 \u2013 Menschen bei der Behandlung ins Zentrum r\u00fccken<\/a>\u00a0 Contribution r\u00e9dactionnelle 2020 Winterthurer Zeitung<br \/>\n<a href=\"https:\/\/shiatsuverband.ch\/wp-content\/uploads\/2020\/02\/20200225_BernerNachrichten-1.pdf\" target=\"_blank\" rel=\"noopener\">26.02.2020 \u2013 Shiatsu hilft bei Stress<\/a>\u00a0 Contribution r\u00e9dactionnelle 2020 Berner Woche<\/p>\n<\/div><\/div><\/div><\/section>\n<section class='av_toggle_section av-ktcon173-222d2066ef16b1f4eb882d6ee90ead3d'  itemscope=\"itemscope\" itemtype=\"https:\/\/schema.org\/CreativeWork\" ><div role=\"tablist\" class=\"single_toggle\" data-tags=\"{Tout} \"  ><p id='toggle-toggle-id-18' data-fake-id='#toggle-id-18' class='toggler  av-title-above av-inherit-border-color'  itemprop=\"headline\"  role='tab' tabindex='0' aria-controls='toggle-id-18' data-slide-speed=\"200\" data-title=\"2019\" data-title-open=\"\" data-aria_collapsed=\"Cliquez pour \u00e9tendre : 2019\" data-aria_expanded=\"Cliquez pour r\u00e9duire : 2019\">2019<span class=\"toggle_icon\"><span class=\"vert_icon\"><\/span><span class=\"hor_icon\"><\/span><\/span><\/p><div id='toggle-id-18' aria-labelledby='toggle-toggle-id-18' role='region' class='toggle_wrap  av-title-above'  ><div class='toggle_content invers-color av-inherit-border-color'  itemprop=\"text\" ><p><a href=\"https:\/\/shiatsuverband.ch\/wp-content\/uploads\/2019\/12\/20191204_TagblattZ%C3%BCrich_Shiatsu-hilft-bei-Stress.pdf\" target=\"_blank\" rel=\"noopener\">04.12.2019 \u2013 Shiatsu hilft bei Stress<\/a>\u00a0 Contribution r\u00e9dactionnelle 2019 Z\u00fcrcher Tagblatt<br \/>\n<a href=\"https:\/\/shiatsuverband.ch\/wp-content\/uploads\/2019\/12\/191127_St.-Galler-Nachrichten_Shiatsu-hilft-bei-Stress.pdf\" target=\"_blank\" rel=\"noopener\">27.11.2019 \u2013 Sanfter Druck gegen h\u00e4ufige Beschwerden<\/a>\u00a0 Contribution r\u00e9dactionnelle identique 2019 dans les trois journaux Gossauer Nachrichten, Herisauer Nachrichten et St.Galler Nachrichten<br \/>\n<a href=\"https:\/\/shiatsuverband.ch\/wp-content\/uploads\/2019\/11\/191115_Luzerner-Rundschau_Sanfter-Druck-gegen-h%C3%A4ufige-Beschwerden.pdf\" target=\"_blank\" rel=\"noopener\">15.11.2019 \u2013 Sanfter Druck gegen h\u00e4ufige Beschwerden<\/a>\u00a0 Contribution r\u00e9dactionnelle 2019 Luzerner Rundschau<br \/>\n<a href=\"https:\/\/shiatsuverband.ch\/wp-content\/uploads\/2019\/11\/191107_Aarauer-Nachrichten_Shiatsu-hilft-bei-Stress.pdf\" target=\"_blank\" rel=\"noopener\">07.11.2019 \u2013 Shiatsu hilft bei Stress<\/a>\u00a0 Contribution r\u00e9dactionnelle 2019 Aargauer Woche<br \/>\n<a href=\"https:\/\/shiatsuverband.ch\/wp-content\/uploads\/2019\/11\/2019_PraxisArena_Moderne_Technik_und_Bauchgef%C3%BChl.pdf\" target=\"_blank\" rel=\"noopener\">13.11.2019 \u2013 Moderne Technik und Bauchgef\u00fchl, beides wertvoll<\/a>\u00a0 Contribution r\u00e9dactionnelle 2019 Praxisarena<br \/>\n<a href=\"https:\/\/shiatsuverband.ch\/wp-content\/uploads\/2019\/09\/2019_Shiatsu-Sonderseite-Winterthurer-Zeitung.pdf\" target=\"_blank\" rel=\"noopener\">12.09.2019 \u2013 Shiatsu hilft bei Stress<\/a>\u00a0 Contribution r\u00e9dactionnelle 2019 Winterthurer Zeitung<br \/>\n<a href=\"https:\/\/shiatsuverband.ch\/wp-content\/uploads\/2019\/02\/20190128_NZZ-am-Sonntag_Freizeitsport-und-alternative-Methoden.pdf\" target=\"_blank\" rel=\"noopener\">13.01.2019 &#8211; Alternative Therapien im Freizeitsport<\/a>\u00a0 Contribution r\u00e9dactionnelle 2019 NZZ am Sonntag<\/p>\n<\/div><\/div><\/div><\/section>\n<section class='av_toggle_section av-ktcon78h-170d870f165dd84e4afca7f1518aa1a0'  itemscope=\"itemscope\" itemtype=\"https:\/\/schema.org\/CreativeWork\" ><div role=\"tablist\" class=\"single_toggle\" data-tags=\"{Tout} \"  ><p id='toggle-toggle-id-19' data-fake-id='#toggle-id-19' class='toggler  av-title-above av-inherit-border-color'  itemprop=\"headline\"  role='tab' tabindex='0' aria-controls='toggle-id-19' data-slide-speed=\"200\" data-title=\"2018\" data-title-open=\"\" data-aria_collapsed=\"Cliquez pour \u00e9tendre : 2018\" data-aria_expanded=\"Cliquez pour r\u00e9duire : 2018\">2018<span class=\"toggle_icon\"><span class=\"vert_icon\"><\/span><span class=\"hor_icon\"><\/span><\/span><\/p><div id='toggle-id-19' aria-labelledby='toggle-toggle-id-19' role='region' class='toggle_wrap  av-title-above'  ><div class='toggle_content invers-color av-inherit-border-color'  itemprop=\"text\" ><p><a href=\"https:\/\/shiatsuverband.ch\/wp-content\/uploads\/2019\/02\/1118_Aarauer-Nachrichten.pdf\" target=\"_blank\" rel=\"noopener\">\u201eSanfter Druck gegen h\u00e4ufige Beschwerden\u201c<\/a>\u00a0 Contribution r\u00e9dactionnelle 2018 Aarauer- Lenzburger- &amp; Zofinger Nachrichten<br \/>\n<a href=\"https:\/\/shiatsuverband.ch\/wp-content\/uploads\/2019\/02\/Coopzeitung_Artikel_Shiatsu.pdf\" target=\"_blank\" rel=\"noopener\">\u201eWohlbe\ufb01nden auf Fingerdruck\u201c<\/a>\u00a0 Contribution r\u00e9dactionnelle 2018 Coopzeitung<br \/>\n<a href=\"https:\/\/shiatsuverband.ch\/wp-content\/uploads\/2019\/02\/20181018_Webpflege_OeA_St.Galler-Nachrichten-1.pdf\" target=\"_blank\" rel=\"noopener\">\u201eSanfter Druck gegen h\u00e4ufige Beschwerden\u201c<\/a>\u00a0 Contribution r\u00e9dactionnelle 2018 St. Galler Nachrichten<br \/>\n<a href=\"https:\/\/shiatsuverband.ch\/wp-content\/uploads\/2019\/02\/20181106_Webpflege_OeA_Luzerner-Rundschau.pdf\" target=\"_blank\" rel=\"noopener\">\u201eHilfe zur Selbsthilfe bei Stressleiden\u201c<\/a>\u00a0 Contribution r\u00e9dactionnelle 2018 Luzerner Rundschau<br \/>\n<a href=\"https:\/\/shiatsuverband.ch\/wp-content\/uploads\/2019\/02\/20180627_BuendnerWoche.pdf\" target=\"_blank\" rel=\"noopener\">\u201eSanfter Druck lindert die Beschwerden\u201c<\/a>\u00a0 Contribution r\u00e9dactionnelle 2018 B\u00fcndner Woche<br \/>\n<a href=\"https:\/\/shiatsuverband.ch\/wp-content\/uploads\/2019\/02\/Winterthurer_Nachrichten.pdf\" target=\"_blank\" rel=\"noopener\">Sanfter Druck lindert die Beschwerden<\/a>\u00a0 Contribution r\u00e9dactionnelle 2018 Winterthurer Nachrichten<br \/>\n<a href=\"https:\/\/shiatsuverband.ch\/wp-content\/uploads\/2019\/02\/Guetesiegel_AM_und_KT.pdf\" target=\"_blank\" rel=\"noopener\">\u00abG\u00fctesiegel f\u00fcr Alternativmedizin und Komplement\u00e4rTherapie\u00bb<\/a>\u00a0 Contribution r\u00e9dactionnelle 2018 suppl\u00e9ment du Tagesanzeiger<br \/>\n<a href=\"https:\/\/shiatsuverband.ch\/wp-content\/uploads\/2019\/02\/KT_ganzheitlich_genesen.pdf\" target=\"_blank\" rel=\"noopener\">\u00abKomplement\u00e4rTherapie: Ganzheitlich genesen\u00bb<\/a>\u00a0 Contribution r\u00e9dactionnelle 2018 suppl\u00e9ment du Tagesanzeiger<br \/>\n<a href=\"https:\/\/shiatsuverband.ch\/wp-content\/uploads\/2019\/02\/20181002_BEILAGE_TAGESANZEIGER.pdf\" target=\"_blank\" rel=\"noopener\">\u00abNat\u00fcrlich Xund\u00bb<\/a>\u00a0 Contributions r\u00e9dactionnelles 2018 suppl\u00e9ment du Tagesanzeiger<br \/>\n<a href=\"https:\/\/shiatsuverband.ch\/wp-content\/uploads\/2019\/02\/2018_Glueckspost.pdf\" target=\"_blank\" rel=\"noopener\">Mein Beruf ist der sch\u00f6nste der Welt<\/a>\u00a0 Contribution r\u00e9dactionnelle 2018 Gl\u00fccksPost<br \/>\n<a href=\"https:\/\/shiatsuverband.ch\/wp-content\/uploads\/2019\/02\/2018_2_Schweizerische_Aerztezeitung_Shiatsu.pdf\" target=\"_blank\" rel=\"noopener\">\u00abEidgen\u00f6ssisches Diplom sichert Behandlungsqualit\u00e4t\u00bb<\/a>\u00a0 Contribution r\u00e9dactionnelle 2018 Schweizerische \u00c4rztezeitung<br \/>\n<a href=\"https:\/\/shiatsuverband.ch\/wp-content\/uploads\/2019\/02\/2018_1_Schweizer-Hausapotheke_Shiatsu.pdf\" target=\"_blank\" rel=\"noopener\">Schweizer Hausapotheke<\/a>\u00a0 Contribution r\u00e9dactionnelle 2018<br \/>\n<a href=\"https:\/\/shiatsuverband.ch\/wp-content\/uploads\/2019\/02\/2018_2_Luzerner_Rundschau_Shiatsu.pdf\" target=\"_blank\" rel=\"noopener\">Luzerner Rundschau<\/a>\u00a0 Contribution r\u00e9dactionnelle 2018<\/p>\n<\/div><\/div><\/div><\/section>\n<section class='av_toggle_section av-ktcoqho8-f4ed8423344dd2b2127f86f9418ad900'  itemscope=\"itemscope\" itemtype=\"https:\/\/schema.org\/CreativeWork\" ><div role=\"tablist\" class=\"single_toggle\" data-tags=\"{Tout} \"  ><p id='toggle-toggle-id-20' data-fake-id='#toggle-id-20' class='toggler  av-title-above av-inherit-border-color'  itemprop=\"headline\"  role='tab' tabindex='0' aria-controls='toggle-id-20' data-slide-speed=\"200\" data-title=\"2016\" data-title-open=\"\" data-aria_collapsed=\"Cliquez pour \u00e9tendre : 2016\" data-aria_expanded=\"Cliquez pour r\u00e9duire : 2016\">2016<span class=\"toggle_icon\"><span class=\"vert_icon\"><\/span><span class=\"hor_icon\"><\/span><\/span><\/p><div id='toggle-id-20' aria-labelledby='toggle-toggle-id-20' role='region' class='toggle_wrap  av-title-above'  ><div class='toggle_content invers-color av-inherit-border-color'  itemprop=\"text\" ><p><a href=\"https:\/\/shiatsuverband.ch\/wp-content\/uploads\/2019\/03\/sarganserlaender.pdf\" target=\"_blank\" rel=\"noopener\">\u00abKeine Wunderheiler; auch wenn die Wirkung wundersam erfreulich ist\u00bb<\/a>\u00a0 Interview avec une personne membre 2016<br \/>\n<a href=\"https:\/\/shiatsuverband.ch\/wp-content\/uploads\/2019\/03\/20161201_Glueckspost_Shiatsu_neue_Fachpruefung.pdf\" target=\"_blank\" rel=\"noopener\">Gl\u00fcckspost \u00abShiatsu: neue Fachpr\u00fcfung\u00bb<\/a>\u00a0 Contribution r\u00e9dactionnelle 2016<br \/>\n<a href=\"https:\/\/www.rosenfluh.ch\/med-move-2017-01\">Med &amp; Move \u00abAlternativen, geht doch\u00bb<\/a>\u00a0 Tous les articles 2016<br \/>\n<a href=\"https:\/\/shiatsuverband.ch\/wp-content\/uploads\/2019\/03\/Methodenspiegel_Shiatsu.pdf\" target=\"_blank\" rel=\"noopener\">Med &amp; Move \u00abMethodenspiegel\u00bb<\/a>\u00a0 Contribution r\u00e9dactionnelle 2016<br \/>\n<a href=\"https:\/\/shiatsuverband.ch\/wp-content\/uploads\/2019\/03\/Behutsames-Behandeln-am-Boden.pdf\" target=\"_blank\" rel=\"noopener\">Med &amp; Move \u00abBehutsames Behandeln am Boden\u00bb<\/a>\u00a0 Contribution r\u00e9dactionnelle 2016<br \/>\n<a href=\"https:\/\/shiatsuverband.ch\/wp-content\/uploads\/2019\/03\/PM2016_Shiatsu_Lehrgaenge_akkreditiert_D_FINAL.pdf\" target=\"_blank\" rel=\"noopener\">\u00abStart von akkreditierten Shiatsu-Lehrg\u00e4ngen\u00bb<\/a>\u00a0 Communiqu\u00e9 de presse 2016<br \/>\n<a href=\"https:\/\/shiatsuverband.ch\/wp-content\/uploads\/2019\/03\/Medical_Tribune_2016_DE.pdf\" target=\"_blank\" rel=\"noopener\">Medical Tribune \u00abUnterst\u00fctzung durch Shiatsu\u00bb<\/a>\u00a0 Contribution r\u00e9dactionnelle 2016<br \/>\n<a href=\"https:\/\/shiatsuverband.ch\/wp-content\/uploads\/2019\/03\/GzD_Was_ist_Shiatsu.pdf\" target=\"_blank\" rel=\"noopener\">Aarauer, Lenzburger und Zofiger Nachrichten \u00abWas ist Shiatsu\u00bb<\/a>\u00a0 Contribution r\u00e9dactionnelle 2016<br \/>\n<a href=\"https:\/\/shiatsuverband.ch\/wp-content\/uploads\/2019\/03\/PRINT-DE-drittel-seite-medical-tribune-anzeige-shiatsu.pdf\" target=\"_blank\" rel=\"noopener\">Medical Tribune\/Schweizerische \u00c4rztezeitung\/Primary Care \u00abDie innere Balance wiederfinden\u00bb<\/a>\u00a0 Annonce 2016<br \/>\n<a href=\"https:\/\/shiatsuverband.ch\/wp-content\/uploads\/2019\/03\/161974_D_Bulletin_23_dakomed_Web.pdf\" target=\"_blank\" rel=\"noopener\">Dakomed \u00abEndlich gesch\u00fctzte Titel f\u00fcr Therapierende\u00bb<\/a>\u00a0 Contribution r\u00e9dactionnelle 2016<br \/>\n<a href=\"https:\/\/shiatsuverband.ch\/wp-content\/uploads\/2019\/03\/Gesundheitstipp_BerichtShiatsu_Dez2015.pdf\" target=\"_blank\" rel=\"noopener\">Gesundheitstipp \u00abWieder im K\u00f6rper zu Hause sein\u00bb<\/a>\u00a0 Contribution r\u00e9dactionnelle 2016<\/p>\n<\/div><\/div><\/div><\/section>\n<section class='av_toggle_section av-ktcoqpjs-d8d0983ca0461b1807b237d41e858e97'  itemscope=\"itemscope\" itemtype=\"https:\/\/schema.org\/CreativeWork\" ><div role=\"tablist\" class=\"single_toggle\" data-tags=\"{Tout} \"  ><p id='toggle-toggle-id-21' data-fake-id='#toggle-id-21' class='toggler  av-title-above av-inherit-border-color'  itemprop=\"headline\"  role='tab' tabindex='0' aria-controls='toggle-id-21' data-slide-speed=\"200\" data-title=\"2015\" data-title-open=\"\" data-aria_collapsed=\"Cliquez pour \u00e9tendre : 2015\" data-aria_expanded=\"Cliquez pour r\u00e9duire : 2015\">2015<span class=\"toggle_icon\"><span class=\"vert_icon\"><\/span><span class=\"hor_icon\"><\/span><\/span><\/p><div id='toggle-id-21' aria-labelledby='toggle-toggle-id-21' role='region' class='toggle_wrap  av-title-above'  ><div class='toggle_content invers-color av-inherit-border-color'  itemprop=\"text\" ><p><a href=\"https:\/\/shiatsuverband.ch\/wp-content\/uploads\/2019\/03\/Aarauer_Nachrichten.pdf\" target=\"_blank\" rel=\"noopener\">Aarauer Nachrichten \u00abWas ist Shiatsu\u00bb<\/a>\u00a0 Contribution r\u00e9dactionnelle 2015<br \/>\n<a href=\"https:\/\/shiatsuverband.ch\/wp-content\/uploads\/2019\/03\/SAEZ_Herbst2015_PRBerufsanerkennung.pdf\" target=\"_blank\" rel=\"noopener\">Schweizerische \u00c4rztezeitung \u00abShiatsu wird als Beruf anerkannt\u00bb<\/a>\u00a0 Contribution r\u00e9dactionnelle 2015<br \/>\n<a href=\"https:\/\/shiatsuverband.ch\/wp-content\/uploads\/2019\/03\/Pressemitteilung_Final_Deutsch.pdf\" target=\"_blank\" rel=\"noopener\">\u00abDie Schweiz kennt ab sofort einen neuen eidgen\u00f6ssisch anerkannten Abschluss\u00bb<\/a>\u00a0 Communiqu\u00e9 de presse 2015<br \/>\n<a href=\"https:\/\/shiatsuverband.ch\/wp-content\/uploads\/2019\/03\/Vivai_AuszugSchlafen_D.pdf\" target=\"_blank\" rel=\"noopener\">Vivai \u00abSchlaf\u00bb<\/a>\u00a0 Contribution r\u00e9dactionnelle 2015<br \/>\n<a href=\"https:\/\/shiatsuverband.ch\/wp-content\/uploads\/2019\/03\/MTCH_Pub_2015_04_Burnout.pdf\" target=\"_blank\" rel=\"noopener\">Medical Tribune \u00abBurn-out\u00bb<\/a>\u00a0 Publireportage 2014\/2015<br \/>\n<a href=\"https:\/\/shiatsuverband.ch\/wp-content\/uploads\/2019\/03\/Migros_209x141d.pdf\" target=\"_blank\" rel=\"noopener\">Migros Magazin\/Primary Care\/Astrea etc. \u00abBurn-out\u00bb<\/a>\u00a0 Publireportage 2014\/2015<\/p>\n<\/div><\/div><\/div><\/section>\n<section class='av_toggle_section av-ktcoqu8e-9fb158b62cbcf3292123b6b44e10a1ac'  itemscope=\"itemscope\" itemtype=\"https:\/\/schema.org\/CreativeWork\" ><div role=\"tablist\" class=\"single_toggle\" data-tags=\"{Tout} \"  ><p id='toggle-toggle-id-22' data-fake-id='#toggle-id-22' class='toggler  av-title-above av-inherit-border-color'  itemprop=\"headline\"  role='tab' tabindex='0' aria-controls='toggle-id-22' data-slide-speed=\"200\" data-title=\"2014\" data-title-open=\"\" data-aria_collapsed=\"Cliquez pour \u00e9tendre : 2014\" data-aria_expanded=\"Cliquez pour r\u00e9duire : 2014\">2014<span class=\"toggle_icon\"><span class=\"vert_icon\"><\/span><span class=\"hor_icon\"><\/span><\/span><\/p><div id='toggle-id-22' aria-labelledby='toggle-toggle-id-22' role='region' class='toggle_wrap  av-title-above'  ><div class='toggle_content invers-color av-inherit-border-color'  itemprop=\"text\" ><p><a href=\"https:\/\/shiatsuverband.ch\/wp-content\/uploads\/2019\/03\/Burnout_2014_DE.pdf\" target=\"_blank\" rel=\"noopener\">Schweizer Hausapotheke \u00abBurn-out\u00bb<\/a>\u00a0 Publireportage 2014<br \/>\n<a href=\"https:\/\/shiatsuverband.ch\/wp-content\/uploads\/2019\/03\/PR-Beitrag-SGS_2014_DE.pdf\" target=\"_blank\" rel=\"noopener\">Primary Care \u00abShiatsu \u2013 ein Beruf\u00bb<\/a>\u00a0 Publireportage 2014<\/p>\n<\/div><\/div><\/div><\/section>\n<section class='av_toggle_section av-ktcoqzfu-9fe10a26bc77367d24d22f7219e035e2'  itemscope=\"itemscope\" itemtype=\"https:\/\/schema.org\/CreativeWork\" ><div role=\"tablist\" class=\"single_toggle\" data-tags=\"{Tout} \"  ><p id='toggle-toggle-id-23' data-fake-id='#toggle-id-23' class='toggler  av-title-above av-inherit-border-color'  itemprop=\"headline\"  role='tab' tabindex='0' aria-controls='toggle-id-23' data-slide-speed=\"200\" data-title=\"2013\" data-title-open=\"\" data-aria_collapsed=\"Cliquez pour \u00e9tendre : 2013\" data-aria_expanded=\"Cliquez pour r\u00e9duire : 2013\">2013<span class=\"toggle_icon\"><span class=\"vert_icon\"><\/span><span class=\"hor_icon\"><\/span><\/span><\/p><div id='toggle-id-23' aria-labelledby='toggle-toggle-id-23' role='region' class='toggle_wrap  av-title-above'  ><div class='toggle_content invers-color av-inherit-border-color'  itemprop=\"text\" ><p><a href=\"https:\/\/shiatsuverband.ch\/wp-content\/uploads\/2019\/03\/PrimaryCare_2013_DE.pdf\" target=\"_blank\" rel=\"noopener\">Primary Care \u00abShiatsu \u2013 zu Gast\u00bb<\/a>\u00a0 Publireportage 2013<br \/>\n<a href=\"https:\/\/shiatsuverband.ch\/wp-content\/uploads\/2019\/03\/Zeitlupe_2013_DE.pdf\" target=\"_blank\" rel=\"noopener\">Zeitlupe etc. \u00abSchulter- und Nackenschmerzen\u00bb<\/a>\u00a0 Publireportage 2013<\/p>\n<\/div><\/div><\/div><\/section>\n<section class='av_toggle_section av-ktcoqzfu-2-3ecec0da61909b5f5b307ecb59612bb2'  itemscope=\"itemscope\" itemtype=\"https:\/\/schema.org\/CreativeWork\" ><div role=\"tablist\" class=\"single_toggle\" data-tags=\"{Tout} \"  ><p id='toggle-toggle-id-24' data-fake-id='#toggle-id-24' class='toggler  av-title-above av-inherit-border-color'  itemprop=\"headline\"  role='tab' tabindex='0' aria-controls='toggle-id-24' data-slide-speed=\"200\" data-title=\"2012\" data-title-open=\"\" data-aria_collapsed=\"Cliquez pour \u00e9tendre : 2012\" data-aria_expanded=\"Cliquez pour r\u00e9duire : 2012\">2012<span class=\"toggle_icon\"><span class=\"vert_icon\"><\/span><span class=\"hor_icon\"><\/span><\/span><\/p><div id='toggle-id-24' aria-labelledby='toggle-toggle-id-24' role='region' class='toggle_wrap  av-title-above'  ><div class='toggle_content invers-color av-inherit-border-color'  itemprop=\"text\" ><p><a href=\"https:\/\/shiatsuverband.ch\/wp-content\/uploads\/2019\/03\/Schweizer_Familie_2012_DE.pdf\" target=\"_blank\" rel=\"noopener\">Schweizer Familie \u00abShiatsu bei Schmerzen\u00bb<\/a>\u00a0 Contribution r\u00e9dactionnelle 2012<\/p>\n<\/div><\/div><\/div><\/section>\n<section class='av_toggle_section av-ktcoqzfu-1-1-28faae392e4645ca71b5b349ead8c015'  itemscope=\"itemscope\" itemtype=\"https:\/\/schema.org\/CreativeWork\" ><div role=\"tablist\" class=\"single_toggle\" data-tags=\"{Tout} \"  ><p id='toggle-toggle-id-25' data-fake-id='#toggle-id-25' class='toggler  av-title-above av-inherit-border-color'  itemprop=\"headline\"  role='tab' tabindex='0' aria-controls='toggle-id-25' data-slide-speed=\"200\" data-title=\"2011\" data-title-open=\"\" data-aria_collapsed=\"Cliquez pour \u00e9tendre : 2011\" data-aria_expanded=\"Cliquez pour r\u00e9duire : 2011\">2011<span class=\"toggle_icon\"><span class=\"vert_icon\"><\/span><span class=\"hor_icon\"><\/span><\/span><\/p><div id='toggle-id-25' aria-labelledby='toggle-toggle-id-25' role='region' class='toggle_wrap  av-title-above'  ><div class='toggle_content invers-color av-inherit-border-color'  itemprop=\"text\" ><p><a href=\"https:\/\/shiatsuverband.ch\/wp-content\/uploads\/2019\/03\/Yoga_Shiatsu_2011_DE.pdf\" target=\"_blank\" rel=\"noopener\">Yogamagazin \u00abShiatsu bei Stress\u00bb<\/a>\u00a0 Contribution r\u00e9dactionnelle 2011<\/p>\n<\/div><\/div><\/div><\/section>\n<\/div>\n\n<style type=\"text\/css\" data-created_by=\"avia_inline_auto\" id=\"style-css-av-jsib5kl0-4-752ab5e65b4e3abebf17f4ba8f92fc2b\">\n#top .hr.hr-invisible.av-jsib5kl0-4-752ab5e65b4e3abebf17f4ba8f92fc2b{\nheight:50px;\n}\n<\/style>\n<div  class='hr av-jsib5kl0-4-752ab5e65b4e3abebf17f4ba8f92fc2b hr-invisible  avia-builder-el-9  el_after_av_toggle_container  el_before_av_textblock '><span class='hr-inner '><span class=\"hr-inner-style\"><\/span><\/span><\/div>\n<section  class='av_textblock_section av-11y0v-3-49347797b7cb13873d0b1d28f6f4a375 '   itemscope=\"itemscope\" itemtype=\"https:\/\/schema.org\/CreativeWork\" ><div class='avia_textblock'  itemprop=\"text\" ><h2>Les articles suivants sont parus en italien<\/h2>\n<\/div><\/section>\n\n<style type=\"text\/css\" data-created_by=\"avia_inline_auto\" id=\"style-css-av-ktcprjc8-ce140dc764b328ea744e9358b5be00f5\">\n#top .togglecontainer.av-ktcprjc8-ce140dc764b328ea744e9358b5be00f5 p.toggler{\nbackground-color:#ffffff;\nborder-color:#00667a;\n}\n#top .togglecontainer.av-ktcprjc8-ce140dc764b328ea744e9358b5be00f5 p.toggler.activeTitle{\ncolor:#ffffff;\nborder-color:#ffffff;\nbackground-color:#00667a;\n}\n#top .togglecontainer.av-ktcprjc8-ce140dc764b328ea744e9358b5be00f5 p.toggler:not(.activeTitle):hover{\ncolor:#ffffff;\nbackground-color:#00667a;\n}\n#top .togglecontainer.av-ktcprjc8-ce140dc764b328ea744e9358b5be00f5 p.toggler:not(.activeTitle):hover .toggle_icon, #top .togglecontainer.av-ktcprjc8-ce140dc764b328ea744e9358b5be00f5 p.toggler:not(.activeTitle):hover .toggle_icon *{\nborder-color:#ffffff !important;\n}\n#top .togglecontainer.av-ktcprjc8-ce140dc764b328ea744e9358b5be00f5 .toggle_wrap .toggle_content{\nbackground-color:#ffffff;\nborder-color:#00667a;\n}\n<\/style>\n<div  class='togglecontainer av-ktcprjc8-ce140dc764b328ea744e9358b5be00f5 av-elegant-toggle  avia-builder-el-11  el_after_av_textblock  avia-builder-el-last  toggle_close_all hasCurrentStyle' >\n<section class='av_toggle_section av-ktcpqy50-929bf54c5b9e0708bfc94159dc26b4fe'  itemscope=\"itemscope\" itemtype=\"https:\/\/schema.org\/CreativeWork\" ><div role=\"tablist\" class=\"single_toggle\" data-tags=\"{Tout} \"  ><p id='toggle-toggle-id-26' data-fake-id='#toggle-id-26' class='toggler  av-title-above av-inherit-border-color'  itemprop=\"headline\"  role='tab' tabindex='0' aria-controls='toggle-id-26' data-slide-speed=\"200\" data-title=\"2020\" data-title-open=\"\" data-aria_collapsed=\"Cliquez pour \u00e9tendre : 2020\" data-aria_expanded=\"Cliquez pour r\u00e9duire : 2020\">2020<span class=\"toggle_icon\"><span class=\"vert_icon\"><\/span><span class=\"hor_icon\"><\/span><\/span><\/p><div id='toggle-id-26' aria-labelledby='toggle-toggle-id-26' role='region' class='toggle_wrap  av-title-above'  ><div class='toggle_content invers-color av-inherit-border-color'  itemprop=\"text\" ><p><a href=\"https:\/\/shiatsuverband.ch\/wp-content\/uploads\/2020\/09\/20200929_Coopzeitung_Verspannungen_IT.pdf\" target=\"_blank\" rel=\"noopener\">29.09.2020 \u2013 Tensioni muscolari \u2013 quando ogni movimento provoca dolore\u00a0<\/a>\u00a0 Contribution r\u00e9dactionnelle 2020 Journal de la Coop<\/p>\n<\/div><\/div><\/div><\/section>\n<section class='av_toggle_section av-ktcpr3l4-220e28ffc71b066408f31d61e84ef661'  itemscope=\"itemscope\" itemtype=\"https:\/\/schema.org\/CreativeWork\" ><div role=\"tablist\" class=\"single_toggle\" data-tags=\"{Tout} \"  ><p id='toggle-toggle-id-27' data-fake-id='#toggle-id-27' class='toggler  av-title-above av-inherit-border-color'  itemprop=\"headline\"  role='tab' tabindex='0' aria-controls='toggle-id-27' data-slide-speed=\"200\" data-title=\"2019\" data-title-open=\"\" data-aria_collapsed=\"Cliquez pour \u00e9tendre : 2019\" data-aria_expanded=\"Cliquez pour r\u00e9duire : 2019\">2019<span class=\"toggle_icon\"><span class=\"vert_icon\"><\/span><span class=\"hor_icon\"><\/span><\/span><\/p><div id='toggle-id-27' aria-labelledby='toggle-toggle-id-27' role='region' class='toggle_wrap  av-title-above'  ><div class='toggle_content invers-color av-inherit-border-color'  itemprop=\"text\" ><p><a href=\"https:\/\/shiatsuverband.ch\/wp-content\/uploads\/2019\/10\/20191018_Helsana_Ratgeber_Herz_IT.pdf\" target=\"_blank\" rel=\"noopener\">18.10.2019 \u2013 Medicina cardiologica nel mondo<\/a>\u00a0 Contribution r\u00e9dactionnelle 2019 Ratgeber Herz von Helsana<\/p>\n<\/div><\/div><\/div><\/section>\n<section class='av_toggle_section av-ktcpr83h-a3ea15dc6f5015508a7745666b8f8007'  itemscope=\"itemscope\" itemtype=\"https:\/\/schema.org\/CreativeWork\" ><div role=\"tablist\" class=\"single_toggle\" data-tags=\"{Tout} \"  ><p id='toggle-toggle-id-28' data-fake-id='#toggle-id-28' class='toggler  av-title-above av-inherit-border-color'  itemprop=\"headline\"  role='tab' tabindex='0' aria-controls='toggle-id-28' data-slide-speed=\"200\" data-title=\"2015\" data-title-open=\"\" data-aria_collapsed=\"Cliquez pour \u00e9tendre : 2015\" data-aria_expanded=\"Cliquez pour r\u00e9duire : 2015\">2015<span class=\"toggle_icon\"><span class=\"vert_icon\"><\/span><span class=\"hor_icon\"><\/span><\/span><\/p><div id='toggle-id-28' aria-labelledby='toggle-toggle-id-28' role='region' class='toggle_wrap  av-title-above'  ><div class='toggle_content invers-color av-inherit-border-color'  itemprop=\"text\" ><p><a href=\"https:\/\/shiatsuverband.ch\/wp-content\/uploads\/2019\/03\/Vivai_IT_2015.pdf\" target=\"_blank\" rel=\"noopener\">Vivai \u00abil sonno\u00bb<\/a>\u00a0 Contribution r\u00e9dactionnelle 2015<br \/>\n<a href=\"https:\/\/shiatsuverband.ch\/wp-content\/uploads\/2019\/03\/2015_Vivere_Shiatsu_e_burnout.pdf\" target=\"_blank\" rel=\"noopener\">Vivere a Tiempo pieno \u00abburnout\u00bb<\/a>\u00a0 Publireportage 2014\/2015<\/p>\n<\/div><\/div><\/div><\/section>\n<section class='av_toggle_section av-ktcprdb4-37ed3df90124e140c2bd0cd50905c91d'  itemscope=\"itemscope\" itemtype=\"https:\/\/schema.org\/CreativeWork\" ><div role=\"tablist\" class=\"single_toggle\" data-tags=\"{Tout} \"  ><p id='toggle-toggle-id-29' data-fake-id='#toggle-id-29' class='toggler  av-title-above av-inherit-border-color'  itemprop=\"headline\"  role='tab' tabindex='0' aria-controls='toggle-id-29' data-slide-speed=\"200\" data-title=\"2014\" data-title-open=\"\" data-aria_collapsed=\"Cliquez pour \u00e9tendre : 2014\" data-aria_expanded=\"Cliquez pour r\u00e9duire : 2014\">2014<span class=\"toggle_icon\"><span class=\"vert_icon\"><\/span><span class=\"hor_icon\"><\/span><\/span><\/p><div id='toggle-id-29' aria-labelledby='toggle-toggle-id-29' role='region' class='toggle_wrap  av-title-above'  ><div class='toggle_content invers-color av-inherit-border-color'  itemprop=\"text\" ><p><a href=\"https:\/\/shiatsuverband.ch\/wp-content\/uploads\/2019\/03\/2014_SaniEBelli.pdf\" target=\"_blank\" rel=\"noopener\">Sani e belli \u00abChe cos\u2019\u00e8 il burnout?\u00bb<\/a>\u00a0 Publireportage 2014<\/p>\n<\/div><\/div><\/div><\/section>\n<section class='av_toggle_section av-ktcpri3a-04d98a7270008a9162b9765066dc2fd5'  itemscope=\"itemscope\" itemtype=\"https:\/\/schema.org\/CreativeWork\" ><div role=\"tablist\" class=\"single_toggle\" data-tags=\"{Tout} \"  ><p id='toggle-toggle-id-30' data-fake-id='#toggle-id-30' class='toggler  av-title-above av-inherit-border-color'  itemprop=\"headline\"  role='tab' tabindex='0' aria-controls='toggle-id-30' data-slide-speed=\"200\" data-title=\"2013\" data-title-open=\"\" data-aria_collapsed=\"Cliquez pour \u00e9tendre : 2013\" data-aria_expanded=\"Cliquez pour r\u00e9duire : 2013\">2013<span class=\"toggle_icon\"><span class=\"vert_icon\"><\/span><span class=\"hor_icon\"><\/span><\/span><\/p><div id='toggle-id-30' aria-labelledby='toggle-toggle-id-30' role='region' class='toggle_wrap  av-title-above'  ><div class='toggle_content invers-color av-inherit-border-color'  itemprop=\"text\" ><p><a href=\"https:\/\/shiatsuverband.ch\/wp-content\/uploads\/2019\/03\/2013_Vivere.pdf\" target=\"_blank\" rel=\"noopener\">Vivere a Tiempo pieno \u00abShiatsu e i suoi effetti in caso di dolori cervicali e dolori alle spalle\u00bb<\/a>\u00a0 Publireportage 2013<\/p>\n<\/div><\/div><\/div><\/section>\n<\/div>\n","protected":false},"excerpt":{"rendered":"","protected":false},"author":1,"featured_media":0,"parent":4293,"menu_order":0,"comment_status":"closed","ping_status":"closed","template":"","meta":{"_acf_changed":false,"_monsterinsights_skip_tracking":false,"_monsterinsights_sitenote_active":false,"_monsterinsights_sitenote_note":"","_monsterinsights_sitenote_category":0,"footnotes":""},"class_list":["post-4300","page","type-page","status-publish","hentry"],"acf":[],"yoast_head":"<!-- This site is optimized with the Yoast SEO plugin v27.4 - https:\/\/yoast.com\/product\/yoast-seo-wordpress\/ -->\n<title>Presse-Archive Contribution r\u00e9dactionnelle - Association Suisse de Shiatsu<\/title>\n<meta name=\"description\" content=\"Presse-Archive, Contribution r\u00e9dactionnelle,\" \/>\n<meta name=\"robots\" content=\"index, follow, max-snippet:-1, max-image-preview:large, max-video-preview:-1\" \/>\n<link rel=\"canonical\" href=\"https:\/\/shiatsuverband.ch\/fr\/actualite\/presse-archive\/\" \/>\n<meta property=\"og:locale\" content=\"fr_FR\" \/>\n<meta property=\"og:type\" content=\"article\" \/>\n<meta property=\"og:title\" content=\"Presse-Archive Contribution r\u00e9dactionnelle - Association Suisse de Shiatsu\" \/>\n<meta property=\"og:description\" content=\"Presse-Archive, Contribution r\u00e9dactionnelle,\" \/>\n<meta property=\"og:url\" content=\"https:\/\/shiatsuverband.ch\/fr\/actualite\/presse-archive\/\" \/>\n<meta property=\"og:site_name\" content=\"Shiatsu Gesellschaft Schweiz\" \/>\n<meta property=\"article:publisher\" content=\"https:\/\/www.facebook.com\/shiatsugesellschaftschweiz\" \/>\n<meta property=\"article:modified_time\" content=\"2026-03-04T12:46:55+00:00\" \/>\n<meta name=\"twitter:card\" content=\"summary_large_image\" \/>\n<meta name=\"twitter:label1\" content=\"Dur\u00e9e de lecture estim\u00e9e\" \/>\n\t<meta name=\"twitter:data1\" content=\"7 minutes\" \/>\n<script type=\"application\/ld+json\" class=\"yoast-schema-graph\">{\"@context\":\"https:\\\/\\\/schema.org\",\"@graph\":[{\"@type\":\"WebPage\",\"@id\":\"https:\\\/\\\/shiatsuverband.ch\\\/fr\\\/actualite\\\/presse-archive\\\/\",\"url\":\"https:\\\/\\\/shiatsuverband.ch\\\/fr\\\/actualite\\\/presse-archive\\\/\",\"name\":\"Presse-Archive Contribution r\u00e9dactionnelle - Association Suisse de Shiatsu\",\"isPartOf\":{\"@id\":\"https:\\\/\\\/shiatsuverband.ch\\\/fr\\\/#website\"},\"datePublished\":\"2019-04-04T14:45:54+00:00\",\"dateModified\":\"2026-03-04T12:46:55+00:00\",\"description\":\"Presse-Archive, Contribution r\u00e9dactionnelle,\",\"breadcrumb\":{\"@id\":\"https:\\\/\\\/shiatsuverband.ch\\\/fr\\\/actualite\\\/presse-archive\\\/#breadcrumb\"},\"inLanguage\":\"fr-FR\",\"potentialAction\":[{\"@type\":\"ReadAction\",\"target\":[\"https:\\\/\\\/shiatsuverband.ch\\\/fr\\\/actualite\\\/presse-archive\\\/\"]}]},{\"@type\":\"BreadcrumbList\",\"@id\":\"https:\\\/\\\/shiatsuverband.ch\\\/fr\\\/actualite\\\/presse-archive\\\/#breadcrumb\",\"itemListElement\":[{\"@type\":\"ListItem\",\"position\":1,\"name\":\"Startseite\",\"item\":\"https:\\\/\\\/shiatsuverband.ch\\\/fr\\\/le-shiatsu-une-methode-de-la-therapie-complementaire\\\/\"},{\"@type\":\"ListItem\",\"position\":2,\"name\":\"Actualit\u00e9\",\"item\":\"https:\\\/\\\/shiatsuverband.ch\\\/fr\\\/actualite\\\/\"},{\"@type\":\"ListItem\",\"position\":3,\"name\":\"Archives de presse\"}]},{\"@type\":\"WebSite\",\"@id\":\"https:\\\/\\\/shiatsuverband.ch\\\/fr\\\/#website\",\"url\":\"https:\\\/\\\/shiatsuverband.ch\\\/fr\\\/\",\"name\":\"Shiatsu Gesellschaft Schweiz\",\"description\":\"Shiatsu, eine Methode der Komplement\u00e4rTherapie\",\"publisher\":{\"@id\":\"https:\\\/\\\/shiatsuverband.ch\\\/fr\\\/#organization\"},\"potentialAction\":[{\"@type\":\"SearchAction\",\"target\":{\"@type\":\"EntryPoint\",\"urlTemplate\":\"https:\\\/\\\/shiatsuverband.ch\\\/fr\\\/?s={search_term_string}\"},\"query-input\":{\"@type\":\"PropertyValueSpecification\",\"valueRequired\":true,\"valueName\":\"search_term_string\"}}],\"inLanguage\":\"fr-FR\"},{\"@type\":\"Organization\",\"@id\":\"https:\\\/\\\/shiatsuverband.ch\\\/fr\\\/#organization\",\"name\":\"Shiatsu Gesellschaft Schweiz\",\"url\":\"https:\\\/\\\/shiatsuverband.ch\\\/fr\\\/\",\"logo\":{\"@type\":\"ImageObject\",\"inLanguage\":\"fr-FR\",\"@id\":\"https:\\\/\\\/shiatsuverband.ch\\\/fr\\\/#\\\/schema\\\/logo\\\/image\\\/\",\"url\":\"https:\\\/\\\/shiatsuverband.ch\\\/wp-content\\\/uploads\\\/2019\\\/04\\\/Shiatsuverband_Logo.png\",\"contentUrl\":\"https:\\\/\\\/shiatsuverband.ch\\\/wp-content\\\/uploads\\\/2019\\\/04\\\/Shiatsuverband_Logo.png\",\"width\":387,\"height\":130,\"caption\":\"Shiatsu Gesellschaft Schweiz\"},\"image\":{\"@id\":\"https:\\\/\\\/shiatsuverband.ch\\\/fr\\\/#\\\/schema\\\/logo\\\/image\\\/\"},\"sameAs\":[\"https:\\\/\\\/www.facebook.com\\\/shiatsugesellschaftschweiz\"]}]}<\/script>\n<!-- \/ Yoast SEO plugin. -->","yoast_head_json":{"title":"Presse-Archive Contribution r\u00e9dactionnelle - Association Suisse de Shiatsu","description":"Presse-Archive, Contribution r\u00e9dactionnelle,","robots":{"index":"index","follow":"follow","max-snippet":"max-snippet:-1","max-image-preview":"max-image-preview:large","max-video-preview":"max-video-preview:-1"},"canonical":"https:\/\/shiatsuverband.ch\/fr\/actualite\/presse-archive\/","og_locale":"fr_FR","og_type":"article","og_title":"Presse-Archive Contribution r\u00e9dactionnelle - Association Suisse de Shiatsu","og_description":"Presse-Archive, Contribution r\u00e9dactionnelle,","og_url":"https:\/\/shiatsuverband.ch\/fr\/actualite\/presse-archive\/","og_site_name":"Shiatsu Gesellschaft Schweiz","article_publisher":"https:\/\/www.facebook.com\/shiatsugesellschaftschweiz","article_modified_time":"2026-03-04T12:46:55+00:00","twitter_card":"summary_large_image","twitter_misc":{"Dur\u00e9e de lecture estim\u00e9e":"7 minutes"},"schema":{"@context":"https:\/\/schema.org","@graph":[{"@type":"WebPage","@id":"https:\/\/shiatsuverband.ch\/fr\/actualite\/presse-archive\/","url":"https:\/\/shiatsuverband.ch\/fr\/actualite\/presse-archive\/","name":"Presse-Archive Contribution r\u00e9dactionnelle - Association Suisse de Shiatsu","isPartOf":{"@id":"https:\/\/shiatsuverband.ch\/fr\/#website"},"datePublished":"2019-04-04T14:45:54+00:00","dateModified":"2026-03-04T12:46:55+00:00","description":"Presse-Archive, Contribution r\u00e9dactionnelle,","breadcrumb":{"@id":"https:\/\/shiatsuverband.ch\/fr\/actualite\/presse-archive\/#breadcrumb"},"inLanguage":"fr-FR","potentialAction":[{"@type":"ReadAction","target":["https:\/\/shiatsuverband.ch\/fr\/actualite\/presse-archive\/"]}]},{"@type":"BreadcrumbList","@id":"https:\/\/shiatsuverband.ch\/fr\/actualite\/presse-archive\/#breadcrumb","itemListElement":[{"@type":"ListItem","position":1,"name":"Startseite","item":"https:\/\/shiatsuverband.ch\/fr\/le-shiatsu-une-methode-de-la-therapie-complementaire\/"},{"@type":"ListItem","position":2,"name":"Actualit\u00e9","item":"https:\/\/shiatsuverband.ch\/fr\/actualite\/"},{"@type":"ListItem","position":3,"name":"Archives de presse"}]},{"@type":"WebSite","@id":"https:\/\/shiatsuverband.ch\/fr\/#website","url":"https:\/\/shiatsuverband.ch\/fr\/","name":"Shiatsu Gesellschaft Schweiz","description":"Shiatsu, eine Methode der Komplement\u00e4rTherapie","publisher":{"@id":"https:\/\/shiatsuverband.ch\/fr\/#organization"},"potentialAction":[{"@type":"SearchAction","target":{"@type":"EntryPoint","urlTemplate":"https:\/\/shiatsuverband.ch\/fr\/?s={search_term_string}"},"query-input":{"@type":"PropertyValueSpecification","valueRequired":true,"valueName":"search_term_string"}}],"inLanguage":"fr-FR"},{"@type":"Organization","@id":"https:\/\/shiatsuverband.ch\/fr\/#organization","name":"Shiatsu Gesellschaft Schweiz","url":"https:\/\/shiatsuverband.ch\/fr\/","logo":{"@type":"ImageObject","inLanguage":"fr-FR","@id":"https:\/\/shiatsuverband.ch\/fr\/#\/schema\/logo\/image\/","url":"https:\/\/shiatsuverband.ch\/wp-content\/uploads\/2019\/04\/Shiatsuverband_Logo.png","contentUrl":"https:\/\/shiatsuverband.ch\/wp-content\/uploads\/2019\/04\/Shiatsuverband_Logo.png","width":387,"height":130,"caption":"Shiatsu Gesellschaft Schweiz"},"image":{"@id":"https:\/\/shiatsuverband.ch\/fr\/#\/schema\/logo\/image\/"},"sameAs":["https:\/\/www.facebook.com\/shiatsugesellschaftschweiz"]}]}},"_links":{"self":[{"href":"https:\/\/shiatsuverband.ch\/fr\/wp-json\/wp\/v2\/pages\/4300","targetHints":{"allow":["GET"]}}],"collection":[{"href":"https:\/\/shiatsuverband.ch\/fr\/wp-json\/wp\/v2\/pages"}],"about":[{"href":"https:\/\/shiatsuverband.ch\/fr\/wp-json\/wp\/v2\/types\/page"}],"author":[{"embeddable":true,"href":"https:\/\/shiatsuverband.ch\/fr\/wp-json\/wp\/v2\/users\/1"}],"replies":[{"embeddable":true,"href":"https:\/\/shiatsuverband.ch\/fr\/wp-json\/wp\/v2\/comments?post=4300"}],"version-history":[{"count":44,"href":"https:\/\/shiatsuverband.ch\/fr\/wp-json\/wp\/v2\/pages\/4300\/revisions"}],"predecessor-version":[{"id":121720,"href":"https:\/\/shiatsuverband.ch\/fr\/wp-json\/wp\/v2\/pages\/4300\/revisions\/121720"}],"up":[{"embeddable":true,"href":"https:\/\/shiatsuverband.ch\/fr\/wp-json\/wp\/v2\/pages\/4293"}],"wp:attachment":[{"href":"https:\/\/shiatsuverband.ch\/fr\/wp-json\/wp\/v2\/media?parent=4300"}],"curies":[{"name":"wp","href":"https:\/\/api.w.org\/{rel}","templated":true}]}}