{"id":31498,"date":"2020-02-12T13:21:38","date_gmt":"2020-02-12T12:21:38","guid":{"rendered":"https:\/\/shiatsuverband.ch\/?page_id=31498"},"modified":"2023-08-28T13:38:47","modified_gmt":"2023-08-28T11:38:47","slug":"dati-di-ricerche","status":"publish","type":"page","link":"https:\/\/shiatsuverband.ch\/it\/shiatsu-come-terapia\/dati-di-ricerche\/","title":{"rendered":"Dati di ricerche"},"content":{"rendered":"\n<style type=\"text\/css\" data-created_by=\"avia_inline_auto\" id=\"style-css-av-ju2n5dwr-7a510aaae8037747cf553b3c5973e0ad\">\n.avia-section.av-ju2n5dwr-7a510aaae8037747cf553b3c5973e0ad{\nbackground-repeat:no-repeat;\nbackground-image:url(https:\/\/shiatsuverband.ch\/wp-content\/uploads\/2019\/05\/Banner-9.jpg);\nbackground-position:50% 50%;\nbackground-attachment:scroll;\n}\n<\/style>\n<div id='av_section_1'  class='avia-section av-ju2n5dwr-7a510aaae8037747cf553b3c5973e0ad main_color avia-section-no-padding avia-no-border-styling  avia-builder-el-0  el_before_av_section  avia-builder-el-first  margin-top-color-section av-small-hide av-mini-hide avia-full-stretch avia-bg-style-scroll av-minimum-height av-minimum-height-custom av-height-custom  container_wrap fullsize'  data-section-bg-repeat='stretch' data-av_minimum_height_px='440'><div class='container av-section-cont-open' style='height:440px'><main  role=\"main\" itemprop=\"mainContentOfPage\"  class='template-page content  av-content-full alpha units'><div class='post-entry post-entry-type-page post-entry-31498'><div class='entry-content-wrapper clearfix'>\n<\/div><\/div><\/main><!-- close content main element --><\/div><\/div>\n<style type=\"text\/css\" data-created_by=\"avia_inline_auto\" id=\"style-css-av-juldoq0r-316b58829bbb42d721a7df903d8f03eb\">\n.avia-section.av-juldoq0r-316b58829bbb42d721a7df903d8f03eb{\nbackground-color:#009ed0;\nbackground-image:unset;\n}\n<\/style>\n<div id='av_section_2'  class='avia-section av-juldoq0r-316b58829bbb42d721a7df903d8f03eb main_color avia-section-no-padding avia-no-border-styling  avia-builder-el-1  el_after_av_section  el_before_av_textblock  color-section-title avia-bg-style-scroll container_wrap fullsize'  ><div class='container av-section-cont-open' ><div class='template-page content  av-content-full alpha units'><div class='post-entry post-entry-type-page post-entry-31498'><div class='entry-content-wrapper clearfix'>\n\n<style type=\"text\/css\" data-created_by=\"avia_inline_auto\" id=\"style-css-av-juldp5op-eb15166013101c8b5ba3d36b4655d3c0\">\n#top .hr.hr-invisible.av-juldp5op-eb15166013101c8b5ba3d36b4655d3c0{\nheight:40px;\n}\n<\/style>\n<div  class='hr av-juldp5op-eb15166013101c8b5ba3d36b4655d3c0 hr-invisible  avia-builder-el-2  el_before_av_textblock  avia-builder-el-first '><span class='hr-inner '><span class=\"hr-inner-style\"><\/span><\/span><\/div>\n<section  class='av_textblock_section av-juldpd9d-bd175e4cccdf3d9822a8cf3a8c8c890e '   itemscope=\"itemscope\" itemtype=\"https:\/\/schema.org\/CreativeWork\" ><div class='avia_textblock'  itemprop=\"text\" ><h1 class=\"h1-white\">Dati di ricerche<\/h1>\n<\/div><\/section>\n<\/div><\/div><\/div><!-- close content main div --><\/div><\/div><div id='after_section_2'  class='main_color av_default_container_wrap container_wrap fullsize'  ><div class='container av-section-cont-open' ><div class='template-page content  av-content-full alpha units'><div class='post-entry post-entry-type-page post-entry-31498'><div class='entry-content-wrapper clearfix'>\n<section  class='av_textblock_section av-jrv5c6uv-3d9703ba6b8ff68db09e3d28780f3ef6 '   itemscope=\"itemscope\" itemtype=\"https:\/\/schema.org\/CreativeWork\" ><div class='avia_textblock'  itemprop=\"text\" ><p>Quotidianamente, molte clienti e molti clienti sperimentano in prima persona l\u2019efficacia dello Shiatsu. La ricerca scientifica sull\u2019efficacia e sul modo di agire dello Shiatsu \u00e8 ancora agli inizi. Sul sito dello Shiatsu Research Network (SRN) \u00e8 disponibile una <a href=\"https:\/\/shiatsu-research-network.org\/wpe\/shiatsu-studies\/\" target=\"_blank\" rel=\"noopener\">rassegna<\/a> dettagliata di progetti di ricerca con i rispettivi risultati.<br \/>\nQui di seguito sono riportati alcuni esempi di studi recenti con le relative indicazioni bibliografiche:<\/p>\n<\/div><\/section>\n\n<style type=\"text\/css\" data-created_by=\"avia_inline_auto\" id=\"style-css-av-k6j3ywt2-bc215647358ad40b2107a6a2624d2820\">\n#top .togglecontainer.av-k6j3ywt2-bc215647358ad40b2107a6a2624d2820 p.toggler{\nbackground-color:#ffffff;\nborder-color:#00667a;\n}\n#top .togglecontainer.av-k6j3ywt2-bc215647358ad40b2107a6a2624d2820 p.toggler.activeTitle{\ncolor:#ffffff;\nborder-color:#ffffff;\nbackground-color:#00667a;\n}\n#top .togglecontainer.av-k6j3ywt2-bc215647358ad40b2107a6a2624d2820 p.toggler:not(.activeTitle):hover{\ncolor:#ffffff;\nbackground-color:#00667a;\n}\n#top .togglecontainer.av-k6j3ywt2-bc215647358ad40b2107a6a2624d2820 p.toggler:not(.activeTitle):hover .toggle_icon, #top .togglecontainer.av-k6j3ywt2-bc215647358ad40b2107a6a2624d2820 p.toggler:not(.activeTitle):hover .toggle_icon *{\nborder-color:#ffffff !important;\n}\n#top .togglecontainer.av-k6j3ywt2-bc215647358ad40b2107a6a2624d2820 .toggle_wrap .toggle_content{\nbackground-color:#ffffff;\nborder-color:#00667a;\n}\n<\/style>\n<div  class='togglecontainer av-k6j3ywt2-bc215647358ad40b2107a6a2624d2820 av-elegant-toggle  avia-builder-el-5  el_after_av_textblock  avia-builder-el-last  toggle_close_all hasCurrentStyle' >\n<section class='av_toggle_section av-md7atm-18104fe9644465adc6972d238537073d'  itemscope=\"itemscope\" itemtype=\"https:\/\/schema.org\/CreativeWork\" ><div role=\"tablist\" class=\"single_toggle\" data-tags=\"{Tutto} \"  ><p id='toggle-toggle-id-1' data-fake-id='#toggle-id-1' class='toggler  av-title-above av-inherit-border-color'  itemprop=\"headline\"  role='tab' tabindex='0' aria-controls='toggle-id-1' data-slide-speed=\"200\" data-title=\"2021: Studio sull\u2019esperienza della popolazione svizzera con la medicina complementare e alternativa\" data-title-open=\"\" data-aria_collapsed=\"Clicca per espandere: 2021: Studio sull\u2019esperienza della popolazione svizzera con la medicina complementare e alternativa\" data-aria_expanded=\"Fare clic per chiudere: 2021: Studio sull\u2019esperienza della popolazione svizzera con la medicina complementare e alternativa\">2021: Studio sull\u2019esperienza della popolazione svizzera con la medicina complementare e alternativa<span class=\"toggle_icon\"><span class=\"vert_icon\"><\/span><span class=\"hor_icon\"><\/span><\/span><\/p><div id='toggle-id-1' aria-labelledby='toggle-toggle-id-1' role='region' class='toggle_wrap  av-title-above'  ><div class='toggle_content invers-color av-inherit-border-color'  itemprop=\"text\" ><h3 class=\"aBasis\"><span lang=\"IT-CH\">Barometro MCA \u2013 Studio sull\u2019esperienza della popolazione svizzera con la medicina complementare e alternativa<\/span><\/h3>\n<p>In questo studio sono stati raccolti dati sulla diffusione della medicina complementare e alternativa (MCA), sul modo in cui viene impiegata e sul successo terapeutico tra adulti e bambini. Le conclusioni si basano su un sondaggio online rappresentativo della popolazione al quale hanno risposto 6375 persone di et\u00e0 superiore ai 16 anni.<\/p>\n<p>Di seguito alcuni risultati:<\/p>\n<p>Il 65% delle persone intervistate ha fatto ricorso alla MCA almeno una volta nella vita. L\u201988% degli intervistati trova che la MCA possa essere utilizzata come supplemento (63%) o come alternativa (25%) alla medicina accademica.<\/p>\n<p>Pi\u00f9 di due quinti della popolazione fanno ricorso alla MCA al momento del sondaggio e la vedono principalmente come supplemento alla medicina accademica. Un quinto della popolazione non ha mai fatto ricorso alla MCA, ma vede utili possibilit\u00e0 di applicazione, principalmente come supplemento alla medicina accademica. Un altro quinto fa ricorso alla MCA e la preferisce alla medicina accademica, quando \u00e8 appropriata. Solo il 4% circa degli intervistati non \u00e8 interessato (3%) o \u00e8 deluso (1%) dalla MCA.<\/p>\n<p>La maggior parte delle persone che fa ricorso alla MCA ritiene che i trattamenti siano efficaci o molto efficaci. Una grande maggioranza degli intervistati attribuisce ai trattamenti di MCA un miglioramento dello stato di salute generale e un atteggiamento pi\u00f9 attento allo stile di vita.<\/p>\n<p>La gamma di disturbi trattati \u00e8 molto ampia, ma oltre la met\u00e0 dei trattamenti riguardano i dieci disturbi pi\u00f9 frequenti. Le persone intervistate hanno fatto pi\u00f9 spesso ricorso a trattamenti per dolori al collo o alla schiena (14% di tutti i trattamenti), dolori o crampi muscolari generali (8%), o dolori articolari (7%).<\/p>\n<p>Tutte le informazioni sul Barometro CAM: <a href=\"https:\/\/emr.ch\/it\/dossier-media-barometro-mca\" target=\"_blank\" rel=\"noopener\">https:\/\/emr.ch\/it\/dossier-media-barometro-mca<\/a><\/p>\n<\/div><\/div><\/div><\/section>\n<section class='av_toggle_section av-kuz63vii-0d5ae5675025ae12b2b626612b9ee31e'  itemscope=\"itemscope\" itemtype=\"https:\/\/schema.org\/CreativeWork\" ><div role=\"tablist\" class=\"single_toggle\" data-tags=\"{Tutto} \"  ><p id='toggle-toggle-id-2' data-fake-id='#toggle-id-2' class='toggler  av-title-above av-inherit-border-color'  itemprop=\"headline\"  role='tab' tabindex='0' aria-controls='toggle-id-2' data-slide-speed=\"200\" data-title=\"2021: Shiatsu per le pazienti e i pazienti che necessitano di assistenza respiratoria in terapia intensiva\" data-title-open=\"\" data-aria_collapsed=\"Clicca per espandere: 2021: Shiatsu per le pazienti e i pazienti che necessitano di assistenza respiratoria in terapia intensiva\" data-aria_expanded=\"Fare clic per chiudere: 2021: Shiatsu per le pazienti e i pazienti che necessitano di assistenza respiratoria in terapia intensiva\">2021: Shiatsu per le pazienti e i pazienti che necessitano di assistenza respiratoria in terapia intensiva<span class=\"toggle_icon\"><span class=\"vert_icon\"><\/span><span class=\"hor_icon\"><\/span><\/span><\/p><div id='toggle-id-2' aria-labelledby='toggle-toggle-id-2' role='region' class='toggle_wrap  av-title-above'  ><div class='toggle_content invers-color av-inherit-border-color'  itemprop=\"text\" ><h3>The effect of Shiatsu massage on agitation in mechanically ventilated patients: A randomized controlled trial<\/h3>\n<p>L&#8217;obiettivo di questo studio \u00e8 di esaminare gli effetti dello Shiatsu sull&#8217;irrequietezza delle pazienti e dei pazienti ventilati. I risultati mostrano che il livello di irrequietezza del gruppo sottoposto a trattamento Shiatsu \u00e8 diminuito in modo significativo rispetto al gruppo di controllo.<\/p>\n<p><a href=\"https:\/\/www.sciencedirect.com\/science\/article\/abs\/pii\/S0147956321002326\" target=\"_blank\" rel=\"noopener\">Pubblicazione (in inglese)<\/a><\/p>\n<\/div><\/div><\/div><\/section>\n<section class='av_toggle_section av-md7atm-3-b11222059208d502a21466cfab49937c'  itemscope=\"itemscope\" itemtype=\"https:\/\/schema.org\/CreativeWork\" ><div role=\"tablist\" class=\"single_toggle\" data-tags=\"{Tutto} \"  ><p id='toggle-toggle-id-3' data-fake-id='#toggle-id-3' class='toggler  av-title-above av-inherit-border-color'  itemprop=\"headline\"  role='tab' tabindex='0' aria-controls='toggle-id-3' data-slide-speed=\"200\" data-title=\"2019: Shiatsu per mal di schiena cronico\" data-title-open=\"\" data-aria_collapsed=\"Clicca per espandere: 2019: Shiatsu per mal di schiena cronico\" data-aria_expanded=\"Fare clic per chiudere: 2019: Shiatsu per mal di schiena cronico\">2019: Shiatsu per mal di schiena cronico<span class=\"toggle_icon\"><span class=\"vert_icon\"><\/span><span class=\"hor_icon\"><\/span><\/span><\/p><div id='toggle-id-3' aria-labelledby='toggle-toggle-id-3' role='region' class='toggle_wrap  av-title-above'  ><div class='toggle_content invers-color av-inherit-border-color'  itemprop=\"text\" ><h3>Shiatsu for chronic lower back pain: Randomized controlled study, Daiki Kobayashi, Takuro Shimbo, Hana Hayashi, Osamu Takahashi<\/h3>\n<p>Effetto dello Shiatsu sulla sensazione di dolore in pazienti con mal di schiena cronico direttamente dopo un trattamento e nel corso di una serie di trattamenti della durata di 4-8 settimane. Il gruppo preso in esame ha ricevuto un trattamento Shiatsu a settimana. Rispetto al gruppo di controllo, il gruppo che ha ricevuto il trattamento ha riferito una diminuzione del dolore alla schiena, sia nell\u2019immediato che pi\u00f9 a lungo termine.<\/p>\n<p><a href=\"https:\/\/www.sciencedirect.com\/science\/article\/pii\/S0965229919302778\" target=\"_blank\" rel=\"noopener\">La pubblicazione in inglese<\/a><\/p>\n<\/div><\/div><\/div><\/section>\n<section class='av_toggle_section av-uu9t6y-5e480a38cc12e198e410839d7e36923b'  itemscope=\"itemscope\" itemtype=\"https:\/\/schema.org\/CreativeWork\" ><div role=\"tablist\" class=\"single_toggle\" data-tags=\"{Tutto} \"  ><p id='toggle-toggle-id-4' data-fake-id='#toggle-id-4' class='toggler  av-title-above av-inherit-border-color'  itemprop=\"headline\"  role='tab' tabindex='0' aria-controls='toggle-id-4' data-slide-speed=\"200\" data-title=\"2019: Shiatsu e sclerosi multipla secondaria progressiva\" data-title-open=\"\" data-aria_collapsed=\"Clicca per espandere: 2019: Shiatsu e sclerosi multipla secondaria progressiva\" data-aria_expanded=\"Fare clic per chiudere: 2019: Shiatsu e sclerosi multipla secondaria progressiva\">2019: Shiatsu e sclerosi multipla secondaria progressiva<span class=\"toggle_icon\"><span class=\"vert_icon\"><\/span><span class=\"hor_icon\"><\/span><\/span><\/p><div id='toggle-id-4' aria-labelledby='toggle-toggle-id-4' role='region' class='toggle_wrap  av-title-above'  ><div class='toggle_content invers-color av-inherit-border-color'  itemprop=\"text\" ><h3>Effects of shiatsu on the health-related quality of life of a person with secondary progressive multiple sclerosis: A mixed methods N-of-1 trial within a whole systems research case study, Stergios Tsiormpatzis<\/h3>\n<p>Effetti dello Shiatsu sulla qualit\u00e0 della vita correlata alla salute di una persona con sclerosi multipla secondaria progressiva.<br \/>\nI trattamenti Shiatsu sembrano migliorare la qualit\u00e0 della vita di una persona con sclerosi multipla secondaria progressiva. Lo studio ha registrato dei miglioramenti in termini di spasticit\u00e0, funzioni intestinali, stanchezza, dolore, sonno e rilassamento. Non si sono verificati effetti indesiderati. I trattamenti Shiatsu sono illustrati nell\u2019appendice della pubblicazione<\/p>\n<p><a href=\"https:\/\/www.sciencedirect.com\/science\/article\/abs\/pii\/S1876382019308777\">La pubblicazione in inglese<\/a><br \/>\n<a href=\"https:\/\/orientalmedicine.eu\/index.php\/articles\/20-thesis\">La tesi di master sulla quale si basa la pubblicazione, in inglese (testo integrale disponibile)<\/a><\/p>\n<\/div><\/div><\/div><\/section>\n<section class='av_toggle_section av-1fn2oq2-db0de15d5611d9c9f06747d9fccb63bc'  itemscope=\"itemscope\" itemtype=\"https:\/\/schema.org\/CreativeWork\" ><div role=\"tablist\" class=\"single_toggle\" data-tags=\"{Tutto} \"  ><p id='toggle-toggle-id-5' data-fake-id='#toggle-id-5' class='toggler  av-title-above av-inherit-border-color'  itemprop=\"headline\"  role='tab' tabindex='0' aria-controls='toggle-id-5' data-slide-speed=\"200\" data-title=\"2019: Sicurezza e rischi dello Shiatsu\" data-title-open=\"\" data-aria_collapsed=\"Clicca per espandere: 2019: Sicurezza e rischi dello Shiatsu\" data-aria_expanded=\"Fare clic per chiudere: 2019: Sicurezza e rischi dello Shiatsu\">2019: Sicurezza e rischi dello Shiatsu<span class=\"toggle_icon\"><span class=\"vert_icon\"><\/span><span class=\"hor_icon\"><\/span><\/span><\/p><div id='toggle-id-5' aria-labelledby='toggle-toggle-id-5' role='region' class='toggle_wrap  av-title-above'  ><div class='toggle_content invers-color av-inherit-border-color'  itemprop=\"text\" ><h3>Safety and risks of shiatsu: Protocol for a systematic review, Stergios Tsiormpatzis<\/h3>\n<p>In ambito medico, la sicurezza delle pazienti e dei pazienti riveste un\u2019importanza fondamentale. L\u2019articolo sopracitato descrive la metodologia di una delle prime rassegne bibliografiche sistematiche sulla sicurezza del metodo Shiatsu.<\/p>\n<p><a href=\"https:\/\/www.sciencedirect.com\/science\/article\/abs\/pii\/S1876382018309053\">La pubblicazione in inglese<\/a><\/p>\n<\/div><\/div><\/div><\/section>\n<section class='av_toggle_section av-13eocju-ca1c031c2e88117ba7f29097c228cb0c'  itemscope=\"itemscope\" itemtype=\"https:\/\/schema.org\/CreativeWork\" ><div role=\"tablist\" class=\"single_toggle\" data-tags=\"{Tutto} \"  ><p id='toggle-toggle-id-6' data-fake-id='#toggle-id-6' class='toggler  av-title-above av-inherit-border-color'  itemprop=\"headline\"  role='tab' tabindex='0' aria-controls='toggle-id-6' data-slide-speed=\"200\" data-title=\"2018: Shiatsu e cure palliative\" data-title-open=\"\" data-aria_collapsed=\"Clicca per espandere: 2018: Shiatsu e cure palliative\" data-aria_expanded=\"Fare clic per chiudere: 2018: Shiatsu e cure palliative\">2018: Shiatsu e cure palliative<span class=\"toggle_icon\"><span class=\"vert_icon\"><\/span><span class=\"hor_icon\"><\/span><\/span><\/p><div id='toggle-id-6' aria-labelledby='toggle-toggle-id-6' role='region' class='toggle_wrap  av-title-above'  ><div class='toggle_content invers-color av-inherit-border-color'  itemprop=\"text\" ><h3>Relieving pressure \u2013 An evaluation of Shiatsu treatments for cancer &amp; palliative care patients in an NHS setting, Neil Browne et. al.<\/h3>\n<p>Una valutazione dei trattamenti Shiatsu per le pazienti e i pazienti oncologici e sottoposti a cure palliative in termini di dolore, angoscia, stress e insonnia.<\/p>\n<p>Questo studio esamina l\u2019effetto dello Shiatsu su dolore, angoscia, stress e insonnia di 63 pazienti ambulatoriali di et\u00e0 compresa tra 34 e 86 anni. 53 di loro avevano ricevuto una diagnosi di cancro e 10 erano stati ricoverati in ospedale per delle cure palliative. Per registrare le differenze \u00e8 stato utilizzato il questionario \u00abMeasure Yourself Concerns and Wellbeing\u00bb. Tale questionario, convalidato scientificamente, \u00e8 stato sviluppato per valutare le cure a sostegno delle pazienti e dei pazienti oncologici. Questo studio ha registrato dei miglioramenti significativi in termini di dolore e angoscia.<\/p>\n<p><a href=\"https:\/\/www.shiatsu-austria.at\/shiatsu-behandlungen-fuer-krebs-und-palliativpatientinnen-neil-browne-et-al\/\" target=\"_blank\" rel=\"noopener\">Riassunto dettagliato di Eduard Tripp in tedesco<\/a><br \/>\n<a href=\"https:\/\/www.researchgate.net\/publication\/309432970_Relieving_pressure_-_An_evaluation_of_shiatsu_treatments_for_cancer_and_palliative_care_patients_in_an_NHS_setting\">Richiedi una copia dello studio all&#8217;autore<\/a><\/p>\n<\/div><\/div><\/div><\/section>\n<section class='av_toggle_section av-izbvai-76290c0815637bf22c6081686dca8d5e'  itemscope=\"itemscope\" itemtype=\"https:\/\/schema.org\/CreativeWork\" ><div role=\"tablist\" class=\"single_toggle\" data-tags=\"{Tutto} \"  ><p id='toggle-toggle-id-7' data-fake-id='#toggle-id-7' class='toggler  av-title-above av-inherit-border-color'  itemprop=\"headline\"  role='tab' tabindex='0' aria-controls='toggle-id-7' data-slide-speed=\"200\" data-title=\"2018: Shiatsu per il trattamento della depressione in pazienti con demenza\" data-title-open=\"\" data-aria_collapsed=\"Clicca per espandere: 2018: Shiatsu per il trattamento della depressione in pazienti con demenza\" data-aria_expanded=\"Fare clic per chiudere: 2018: Shiatsu per il trattamento della depressione in pazienti con demenza\">2018: Shiatsu per il trattamento della depressione in pazienti con demenza<span class=\"toggle_icon\"><span class=\"vert_icon\"><\/span><span class=\"hor_icon\"><\/span><\/span><\/p><div id='toggle-id-7' aria-labelledby='toggle-toggle-id-7' role='region' class='toggle_wrap  av-title-above'  ><div class='toggle_content invers-color av-inherit-border-color'  itemprop=\"text\" ><h3>Shiatsu as an adjuvant therapy for depression in patients with Alzheimer\u2019s disease: A pilot study, Giuseppe Lanza et. al.<\/h3>\n<p>In questo studio, la terapia Shiatsu \u00e8 stata applicata come terapia associata all\u2019attivit\u00e0 fisica nel trattamento della depressione in pazienti con Alzheimer. I sintomi depressivi (misurati tramite la Geriatric Depression Scale) del gruppo \u201cShiatsu e attivit\u00e0 fisica\u201d sono migliorati in modo statisticamente significativo, contrariamente a quelli del gruppo di controllo, che ha praticato unicamente attivit\u00e0 fisica.<\/p>\n<p><a href=\"https:\/\/www.shiatsu-austria.at\/die-wirkung-von-shiatsu-gegen-depressionen-bei-alzheimer-patientinnen-giuseppe-lanza-et-al\/\" target=\"_blank\" rel=\"noopener\">Riassunto dettagliato di Eduard Tripp in tedesco<\/a><br \/>\n<a href=\"https:\/\/www.sciencedirect.com\/science\/article\/abs\/pii\/S096522991730941X\">La pubblicazione in inglese \/ acquisire lo studio<\/a><\/p>\n<h3>Comment on \u00abShiatsu as an adjuvant therapy for depression in patients with Alzheimer\u2019s disease: A pilot study\u00bb, Guiseppe Lanza et. al.<\/h3>\n<p><a href=\"https:\/\/www.researchgate.net\/publication\/330708171_Comment_on_Shiatsu_as_an_Adjuvant_Therapy_for_Depression_in_Patients_With_Alzheimer%27s_Disease_A_Pilot_Study\" target=\"_blank\" rel=\"noopener\">Scarica lo studio in inglese<\/a><\/p>\n<\/div><\/div><\/div><\/section>\n<section class='av_toggle_section av-lrtu7e-85cbeeb58dc28e9193338fa01875e628'  itemscope=\"itemscope\" itemtype=\"https:\/\/schema.org\/CreativeWork\" ><div role=\"tablist\" class=\"single_toggle\" data-tags=\"{Tutto} \"  ><p id='toggle-toggle-id-8' data-fake-id='#toggle-id-8' class='toggler  av-title-above av-inherit-border-color'  itemprop=\"headline\"  role='tab' tabindex='0' aria-controls='toggle-id-8' data-slide-speed=\"200\" data-title=\"2018: Shiatsu e stress elevato\" data-title-open=\"\" data-aria_collapsed=\"Clicca per espandere: 2018: Shiatsu e stress elevato\" data-aria_expanded=\"Fare clic per chiudere: 2018: Shiatsu e stress elevato\">2018: Shiatsu e stress elevato<span class=\"toggle_icon\"><span class=\"vert_icon\"><\/span><span class=\"hor_icon\"><\/span><\/span><\/p><div id='toggle-id-8' aria-labelledby='toggle-toggle-id-8' role='region' class='toggle_wrap  av-title-above'  ><div class='toggle_content invers-color av-inherit-border-color'  itemprop=\"text\" ><h3>Shiatsu als Weg in die Achtsamkeitspraxis \u2013 Vorstudie, Jana Kraft<\/h3>\n<p>Questo studio esamina l\u2019effetto dello Shiatsu, della consapevolezza e delle loro eventuali interazioni sul benessere delle persone con livelli di stress elevati.<\/p>\n<p><a href=\"https:\/\/www.shiatsu-gsd.de\/wp-content\/uploads\/2020\/03\/ergebnisbericht-shiatsu-achtsamkeit-18-06-22.pdf\" target=\"_blank\" rel=\"noopener\">La pubblicazione in tedesco<\/a><\/p>\n<h3>Hat Shiatsu einen positiven Einfluss auf die Stressverarbeitung?, Claudia Leyh-Dexheimer<\/h3>\n<p>Uno studio pilota che esamina l\u2019effetto dei trattamenti Shiatsu sulla gestione dello stress tramite la misurazione del livello di ossitocina e l\u2019ausilio di un questionario.<\/p>\n<p><a href=\"https:\/\/www.grin.com\/document\/437913\">Il riassunto in tedesco e inglese (consultabile gratuitamente online)<\/a><br \/>\n<a href=\"https:\/\/www.grin.com\/document\/438264\">Campione di lettura in tedesco \/ acquisire lo studio<\/a><\/p>\n<\/div><\/div><\/div><\/section>\n<section class='av_toggle_section av-p9gaui-bbf2beca1ef867698e7c31cdd2eb57b9'  itemscope=\"itemscope\" itemtype=\"https:\/\/schema.org\/CreativeWork\" ><div role=\"tablist\" class=\"single_toggle\" data-tags=\"{Tutto} \"  ><p id='toggle-toggle-id-9' data-fake-id='#toggle-id-9' class='toggler  av-title-above av-inherit-border-color'  itemprop=\"headline\"  role='tab' tabindex='0' aria-controls='toggle-id-9' data-slide-speed=\"200\" data-title=\"2017: Shiatsu ed emicrania\" data-title-open=\"\" data-aria_collapsed=\"Clicca per espandere: 2017: Shiatsu ed emicrania\" data-aria_expanded=\"Fare clic per chiudere: 2017: Shiatsu ed emicrania\">2017: Shiatsu ed emicrania<span class=\"toggle_icon\"><span class=\"vert_icon\"><\/span><span class=\"hor_icon\"><\/span><\/span><\/p><div id='toggle-id-9' aria-labelledby='toggle-toggle-id-9' role='region' class='toggle_wrap  av-title-above'  ><div class='toggle_content invers-color av-inherit-border-color'  itemprop=\"text\" ><h3>Single-blind, randomized, pilot study combining shiatsu and amitriptyline in refractory primary headaches, Veronica Villani et. al.<\/h3>\n<p>Studio pilota randomizzato in cieco semplice sulla combinazione di Shiatsu e Amitriptilina per il trattamento dell\u2019emicrania primaria refrattaria.<br \/>\nQuesto studio esamina 41 pazienti con emicrania assegnati in modo casuale a tre gruppi: A) Shiatsu e Amitriptilina (n=11), B) solo Shiatsu (n=13) e C) solo Amitriptilina (n=13). In tutti e tre i gruppi il numero di emicranie \u00e8 diminuito. Valori medi registrati: A) da 13.3 a 6.4, B) da 12.2 a 2.4, C) da 14.8 a 6.8.<\/p>\n<p><a href=\"https:\/\/link.springer.com\/article\/10.1007\/s10072-017-2888-7\" target=\"_blank\" rel=\"noopener\">Abstract dello studio in inglese<\/a><br \/>\n<a href=\"https:\/\/www.researchgate.net\/publication\/314652461_Single-blind_randomized_pilot_study_combining_shiatsu_and_amitriptyline_in_refractory_primary_headaches\">Richiedi una copia dello studio all&#8217;autore<\/a><\/p>\n<\/div><\/div><\/div><\/section>\n<section class='av_toggle_section av-1531pai-dc2be72916d2793a9e12f0ca3f998d99'  itemscope=\"itemscope\" itemtype=\"https:\/\/schema.org\/CreativeWork\" ><div role=\"tablist\" class=\"single_toggle\" data-tags=\"{Tutto} \"  ><p id='toggle-toggle-id-10' data-fake-id='#toggle-id-10' class='toggler  av-title-above av-inherit-border-color'  itemprop=\"headline\"  role='tab' tabindex='0' aria-controls='toggle-id-10' data-slide-speed=\"200\" data-title=\"2016: Stato della ricerca sull\u2019efficacia dello Shiatsu\" data-title-open=\"\" data-aria_collapsed=\"Clicca per espandere: 2016: Stato della ricerca sull\u2019efficacia dello Shiatsu\" data-aria_expanded=\"Fare clic per chiudere: 2016: Stato della ricerca sull\u2019efficacia dello Shiatsu\">2016: Stato della ricerca sull\u2019efficacia dello Shiatsu<span class=\"toggle_icon\"><span class=\"vert_icon\"><\/span><span class=\"hor_icon\"><\/span><\/span><\/p><div id='toggle-id-10' aria-labelledby='toggle-toggle-id-10' role='region' class='toggle_wrap  av-title-above'  ><div class='toggle_content invers-color av-inherit-border-color'  itemprop=\"text\" ><h3>Forschungsstand zum Verfahren Shiatsu (Review) und Metaanalyse kontrollierter Studien zur Wirksamkeit von Shiatsu, Andrea Kleinau et. al.<\/h3>\n<p>Le fondamenta di questa meta-analisi sono costitutite da una rassegna della letteratura attinente alla ricerca clinica sul trattamento Shiatsu dal 1946 al 2013.<\/p>\n<p><a href=\"https:\/\/www.esi-shiatsu.de\/files\/forschungsstand_zur_wirksamkeit_des_verfahrens_shiatsu__deutsches_gesundheits_portral__10.4.18.pdf\">La pubblicazione in tedesco (testo integrale disponibile)<\/a><\/p>\n<\/div><\/div><\/div><\/section>\n<section class='av_toggle_section av-marf8q-bc2d9150763207eb3bfd22fd24bfa3b8'  itemscope=\"itemscope\" itemtype=\"https:\/\/schema.org\/CreativeWork\" ><div role=\"tablist\" class=\"single_toggle\" data-tags=\"{Tutto} \"  ><p id='toggle-toggle-id-11' data-fake-id='#toggle-id-11' class='toggler  av-title-above av-inherit-border-color'  itemprop=\"headline\"  role='tab' tabindex='0' aria-controls='toggle-id-11' data-slide-speed=\"200\" data-title=\"2015: Shiatsu e tensione legata allo stress\" data-title-open=\"\" data-aria_collapsed=\"Clicca per espandere: 2015: Shiatsu e tensione legata allo stress\" data-aria_expanded=\"Fare clic per chiudere: 2015: Shiatsu e tensione legata allo stress\">2015: Shiatsu e tensione legata allo stress<span class=\"toggle_icon\"><span class=\"vert_icon\"><\/span><span class=\"hor_icon\"><\/span><\/span><\/p><div id='toggle-id-11' aria-labelledby='toggle-toggle-id-11' role='region' class='toggle_wrap  av-title-above'  ><div class='toggle_content invers-color av-inherit-border-color'  itemprop=\"text\" ><h3>Begr\u00fcndung eines komplement\u00e4ren Ansatzes bei stressbedingten Belastungen durch Shiatsu und l\u00f6sungsorientierte Kurzzeit-Beratung, Karin Koers<\/h3>\n<p><a href=\"https:\/\/www.grin.com\/document\/343127\">Campione di lettura in tedesco \/ acquisire lo studio<\/a><\/p>\n<\/div><\/div><\/div><\/section>\n<section class='av_toggle_section av-md7atm-2-72855a3ba790c30f0295f7246f22ba71'  itemscope=\"itemscope\" itemtype=\"https:\/\/schema.org\/CreativeWork\" ><div role=\"tablist\" class=\"single_toggle\" data-tags=\"{Tutto} \"  ><p id='toggle-toggle-id-12' data-fake-id='#toggle-id-12' class='toggler  av-title-above av-inherit-border-color'  itemprop=\"headline\"  role='tab' tabindex='0' aria-controls='toggle-id-12' data-slide-speed=\"200\" data-title=\"2013: Shiatsu per la fibromialgia\" data-title-open=\"\" data-aria_collapsed=\"Clicca per espandere: 2013: Shiatsu per la fibromialgia\" data-aria_expanded=\"Fare clic per chiudere: 2013: Shiatsu per la fibromialgia\">2013: Shiatsu per la fibromialgia<span class=\"toggle_icon\"><span class=\"vert_icon\"><\/span><span class=\"hor_icon\"><\/span><\/span><\/p><div id='toggle-id-12' aria-labelledby='toggle-toggle-id-12' role='region' class='toggle_wrap  av-title-above'  ><div class='toggle_content invers-color av-inherit-border-color'  itemprop=\"text\" ><h3>Effects of shiatsu in the management of fibromyalgia symptoms: a controlled pilot study, Susan L. K. Yuan, Ana A. Berssaneti, Amelia P. Marques<\/h3>\n<p>Il seguente studio pilota ha messo in luce il potenziale dello Shiatsu per ridurre i dolori e aumentare la soglia del dolore alla pressione nelle pazienti e nei pazienti che soffrono di fibromialgia. Rispetto al gruppo di controllo, nel gruppo preso in esame anche la qualit\u00e0 del sonno \u00e8 migliorata ed \u00e8 stato registrato un effetto positivo dello Shiatsu sulla salute globale delle pazienti e dei pazienti con fibromialgia.<\/p>\n<p><a href=\"https:\/\/pubmed.ncbi.nlm.nih.gov\/23830713\/\" target=\"_blank\" rel=\"noopener\">Abstract dello studio in inglese<\/a><\/p>\n<\/div><\/div><\/div><\/section>\n<section class='av_toggle_section av-188l2cq-92736c1cebe4f515bbf08543d44969cd'  itemscope=\"itemscope\" itemtype=\"https:\/\/schema.org\/CreativeWork\" ><div role=\"tablist\" class=\"single_toggle\" data-tags=\"{Tutto} \"  ><p id='toggle-toggle-id-13' data-fake-id='#toggle-id-13' class='toggler  av-title-above av-inherit-border-color'  itemprop=\"headline\"  role='tab' tabindex='0' aria-controls='toggle-id-13' data-slide-speed=\"200\" data-title=\"2009: Shiatsu per la promozione del benessere e dell\u2019alfabetizzazione sanitaria\" data-title-open=\"\" data-aria_collapsed=\"Clicca per espandere: 2009: Shiatsu per la promozione del benessere e dell\u2019alfabetizzazione sanitaria\" data-aria_expanded=\"Fare clic per chiudere: 2009: Shiatsu per la promozione del benessere e dell\u2019alfabetizzazione sanitaria\">2009: Shiatsu per la promozione del benessere e dell\u2019alfabetizzazione sanitaria<span class=\"toggle_icon\"><span class=\"vert_icon\"><\/span><span class=\"hor_icon\"><\/span><\/span><\/p><div id='toggle-id-13' aria-labelledby='toggle-toggle-id-13' role='region' class='toggle_wrap  av-title-above'  ><div class='toggle_content invers-color av-inherit-border-color'  itemprop=\"text\" ><h3>The potential of complementary and alternative medicine in promoting well-being and critical health literacy: a prospective, observational study of shiatsu, Andrew Long<\/h3>\n<p><a href=\"https:\/\/bmccomplementmedtherapies.biomedcentral.com\/track\/pdf\/10.1186\/1472-6882-9-19.pdf\" target=\"_blank\" rel=\"noopener\">La pubblicazione in inglese (testo integrale disponibile)<\/a><\/p>\n<\/div><\/div><\/div><\/section>\n<section class='av_toggle_section av-md7atm-1-6a7e8f5a6f4c64a835cfd51a1c7959a5'  itemscope=\"itemscope\" itemtype=\"https:\/\/schema.org\/CreativeWork\" ><div role=\"tablist\" class=\"single_toggle\" data-tags=\"{Tutto} \"  ><p id='toggle-toggle-id-14' data-fake-id='#toggle-id-14' class='toggler  av-title-above av-inherit-border-color'  itemprop=\"headline\"  role='tab' tabindex='0' aria-controls='toggle-id-14' data-slide-speed=\"200\" data-title=\"2007: Shiatsu per l\u2019accompagnamento dei pazienti durante la chemioterapia\" data-title-open=\"\" data-aria_collapsed=\"Clicca per espandere: 2007: Shiatsu per l\u2019accompagnamento dei pazienti durante la chemioterapia\" data-aria_expanded=\"Fare clic per chiudere: 2007: Shiatsu per l\u2019accompagnamento dei pazienti durante la chemioterapia\">2007: Shiatsu per l\u2019accompagnamento dei pazienti durante la chemioterapia<span class=\"toggle_icon\"><span class=\"vert_icon\"><\/span><span class=\"hor_icon\"><\/span><\/span><\/p><div id='toggle-id-14' aria-labelledby='toggle-toggle-id-14' role='region' class='toggle_wrap  av-title-above'  ><div class='toggle_content invers-color av-inherit-border-color'  itemprop=\"text\" ><h3>Int\u00e9r\u00eat du shiatsu chez des patients canc\u00e9reux trait\u00e9s par chimioth\u00e9rapie, Dominique Chevalier<\/h3>\n<p><a href=\"https:\/\/www.researchgate.net\/publication\/237988359_Interet_du_shiatsu_chez_des_patients_cancereux_traites_par_chimiotherapie\">Richiedi una copia dello studio all&#8217;autore<\/a><\/p>\n<\/div><\/div><\/div><\/section>\n<\/div>\n","protected":false},"excerpt":{"rendered":"","protected":false},"author":1,"featured_media":12907,"parent":4497,"menu_order":0,"comment_status":"closed","ping_status":"closed","template":"","meta":{"_acf_changed":false,"_monsterinsights_skip_tracking":false,"_monsterinsights_sitenote_active":false,"_monsterinsights_sitenote_note":"","_monsterinsights_sitenote_category":0,"footnotes":""},"class_list":["post-31498","page","type-page","status-publish","has-post-thumbnail","hentry"],"acf":[],"yoast_head":"<!-- This site is optimized with the Yoast SEO plugin v27.4 - https:\/\/yoast.com\/product\/yoast-seo-wordpress\/ -->\n<title>Dati di ricerche - Shiatsu Gesellschaft Schweiz<\/title>\n<meta name=\"robots\" content=\"index, follow, max-snippet:-1, max-image-preview:large, max-video-preview:-1\" \/>\n<link rel=\"canonical\" href=\"https:\/\/shiatsuverband.ch\/it\/shiatsu-come-terapia\/dati-di-ricerche\/\" \/>\n<meta property=\"og:locale\" content=\"it_IT\" \/>\n<meta property=\"og:type\" content=\"article\" \/>\n<meta property=\"og:title\" content=\"Dati di ricerche - Shiatsu Gesellschaft Schweiz\" \/>\n<meta property=\"og:url\" content=\"https:\/\/shiatsuverband.ch\/it\/shiatsu-come-terapia\/dati-di-ricerche\/\" \/>\n<meta property=\"og:site_name\" content=\"Shiatsu Gesellschaft Schweiz\" \/>\n<meta property=\"article:publisher\" content=\"https:\/\/www.facebook.com\/shiatsugesellschaftschweiz\" \/>\n<meta property=\"article:modified_time\" content=\"2023-08-28T11:38:47+00:00\" \/>\n<meta property=\"og:image\" content=\"https:\/\/shiatsuverband.ch\/wp-content\/uploads\/2019\/06\/Mitglieder_und_Presse_Querformat_15-1030x687_sw.jpg\" \/>\n\t<meta property=\"og:image:width\" content=\"1030\" \/>\n\t<meta property=\"og:image:height\" content=\"687\" \/>\n\t<meta property=\"og:image:type\" content=\"image\/jpeg\" \/>\n<meta name=\"twitter:card\" content=\"summary_large_image\" \/>\n<meta name=\"twitter:label1\" content=\"Tempo di lettura stimato\" \/>\n\t<meta name=\"twitter:data1\" content=\"10 minuti\" \/>\n<script type=\"application\/ld+json\" class=\"yoast-schema-graph\">{\"@context\":\"https:\\\/\\\/schema.org\",\"@graph\":[{\"@type\":\"WebPage\",\"@id\":\"https:\\\/\\\/shiatsuverband.ch\\\/it\\\/shiatsu-come-terapia\\\/dati-di-ricerche\\\/\",\"url\":\"https:\\\/\\\/shiatsuverband.ch\\\/it\\\/shiatsu-come-terapia\\\/dati-di-ricerche\\\/\",\"name\":\"Dati di ricerche - Shiatsu Gesellschaft Schweiz\",\"isPartOf\":{\"@id\":\"https:\\\/\\\/shiatsuverband.ch\\\/it\\\/#website\"},\"primaryImageOfPage\":{\"@id\":\"https:\\\/\\\/shiatsuverband.ch\\\/it\\\/shiatsu-come-terapia\\\/dati-di-ricerche\\\/#primaryimage\"},\"image\":{\"@id\":\"https:\\\/\\\/shiatsuverband.ch\\\/it\\\/shiatsu-come-terapia\\\/dati-di-ricerche\\\/#primaryimage\"},\"thumbnailUrl\":\"https:\\\/\\\/shiatsuverband.ch\\\/wp-content\\\/uploads\\\/2019\\\/06\\\/Mitglieder_und_Presse_Querformat_15-1030x687_sw.jpg\",\"datePublished\":\"2020-02-12T12:21:38+00:00\",\"dateModified\":\"2023-08-28T11:38:47+00:00\",\"breadcrumb\":{\"@id\":\"https:\\\/\\\/shiatsuverband.ch\\\/it\\\/shiatsu-come-terapia\\\/dati-di-ricerche\\\/#breadcrumb\"},\"inLanguage\":\"it-IT\",\"potentialAction\":[{\"@type\":\"ReadAction\",\"target\":[\"https:\\\/\\\/shiatsuverband.ch\\\/it\\\/shiatsu-come-terapia\\\/dati-di-ricerche\\\/\"]}]},{\"@type\":\"ImageObject\",\"inLanguage\":\"it-IT\",\"@id\":\"https:\\\/\\\/shiatsuverband.ch\\\/it\\\/shiatsu-come-terapia\\\/dati-di-ricerche\\\/#primaryimage\",\"url\":\"https:\\\/\\\/shiatsuverband.ch\\\/wp-content\\\/uploads\\\/2019\\\/06\\\/Mitglieder_und_Presse_Querformat_15-1030x687_sw.jpg\",\"contentUrl\":\"https:\\\/\\\/shiatsuverband.ch\\\/wp-content\\\/uploads\\\/2019\\\/06\\\/Mitglieder_und_Presse_Querformat_15-1030x687_sw.jpg\",\"width\":1030,\"height\":687,\"caption\":\"Pressebilder\"},{\"@type\":\"BreadcrumbList\",\"@id\":\"https:\\\/\\\/shiatsuverband.ch\\\/it\\\/shiatsu-come-terapia\\\/dati-di-ricerche\\\/#breadcrumb\",\"itemListElement\":[{\"@type\":\"ListItem\",\"position\":1,\"name\":\"Startseite\",\"item\":\"https:\\\/\\\/shiatsuverband.ch\\\/it\\\/lo-shiatsu-un-metodo-della-terapia-complementare\\\/\"},{\"@type\":\"ListItem\",\"position\":2,\"name\":\"Terapia\",\"item\":\"https:\\\/\\\/shiatsuverband.ch\\\/it\\\/shiatsu-come-terapia\\\/\"},{\"@type\":\"ListItem\",\"position\":3,\"name\":\"Dati di ricerche\"}]},{\"@type\":\"WebSite\",\"@id\":\"https:\\\/\\\/shiatsuverband.ch\\\/it\\\/#website\",\"url\":\"https:\\\/\\\/shiatsuverband.ch\\\/it\\\/\",\"name\":\"Shiatsu Gesellschaft Schweiz\",\"description\":\"Shiatsu, eine Methode der Komplement\u00e4rTherapie\",\"publisher\":{\"@id\":\"https:\\\/\\\/shiatsuverband.ch\\\/it\\\/#organization\"},\"potentialAction\":[{\"@type\":\"SearchAction\",\"target\":{\"@type\":\"EntryPoint\",\"urlTemplate\":\"https:\\\/\\\/shiatsuverband.ch\\\/it\\\/?s={search_term_string}\"},\"query-input\":{\"@type\":\"PropertyValueSpecification\",\"valueRequired\":true,\"valueName\":\"search_term_string\"}}],\"inLanguage\":\"it-IT\"},{\"@type\":\"Organization\",\"@id\":\"https:\\\/\\\/shiatsuverband.ch\\\/it\\\/#organization\",\"name\":\"Shiatsu Gesellschaft Schweiz\",\"url\":\"https:\\\/\\\/shiatsuverband.ch\\\/it\\\/\",\"logo\":{\"@type\":\"ImageObject\",\"inLanguage\":\"it-IT\",\"@id\":\"https:\\\/\\\/shiatsuverband.ch\\\/it\\\/#\\\/schema\\\/logo\\\/image\\\/\",\"url\":\"https:\\\/\\\/shiatsuverband.ch\\\/wp-content\\\/uploads\\\/2019\\\/04\\\/Shiatsuverband_Logo.png\",\"contentUrl\":\"https:\\\/\\\/shiatsuverband.ch\\\/wp-content\\\/uploads\\\/2019\\\/04\\\/Shiatsuverband_Logo.png\",\"width\":387,\"height\":130,\"caption\":\"Shiatsu Gesellschaft Schweiz\"},\"image\":{\"@id\":\"https:\\\/\\\/shiatsuverband.ch\\\/it\\\/#\\\/schema\\\/logo\\\/image\\\/\"},\"sameAs\":[\"https:\\\/\\\/www.facebook.com\\\/shiatsugesellschaftschweiz\"]}]}<\/script>\n<!-- \/ Yoast SEO plugin. -->","yoast_head_json":{"title":"Dati di ricerche - Shiatsu Gesellschaft Schweiz","robots":{"index":"index","follow":"follow","max-snippet":"max-snippet:-1","max-image-preview":"max-image-preview:large","max-video-preview":"max-video-preview:-1"},"canonical":"https:\/\/shiatsuverband.ch\/it\/shiatsu-come-terapia\/dati-di-ricerche\/","og_locale":"it_IT","og_type":"article","og_title":"Dati di ricerche - Shiatsu Gesellschaft Schweiz","og_url":"https:\/\/shiatsuverband.ch\/it\/shiatsu-come-terapia\/dati-di-ricerche\/","og_site_name":"Shiatsu Gesellschaft Schweiz","article_publisher":"https:\/\/www.facebook.com\/shiatsugesellschaftschweiz","article_modified_time":"2023-08-28T11:38:47+00:00","og_image":[{"width":1030,"height":687,"url":"https:\/\/shiatsuverband.ch\/wp-content\/uploads\/2019\/06\/Mitglieder_und_Presse_Querformat_15-1030x687_sw.jpg","type":"image\/jpeg"}],"twitter_card":"summary_large_image","twitter_misc":{"Tempo di lettura stimato":"10 minuti"},"schema":{"@context":"https:\/\/schema.org","@graph":[{"@type":"WebPage","@id":"https:\/\/shiatsuverband.ch\/it\/shiatsu-come-terapia\/dati-di-ricerche\/","url":"https:\/\/shiatsuverband.ch\/it\/shiatsu-come-terapia\/dati-di-ricerche\/","name":"Dati di ricerche - Shiatsu Gesellschaft Schweiz","isPartOf":{"@id":"https:\/\/shiatsuverband.ch\/it\/#website"},"primaryImageOfPage":{"@id":"https:\/\/shiatsuverband.ch\/it\/shiatsu-come-terapia\/dati-di-ricerche\/#primaryimage"},"image":{"@id":"https:\/\/shiatsuverband.ch\/it\/shiatsu-come-terapia\/dati-di-ricerche\/#primaryimage"},"thumbnailUrl":"https:\/\/shiatsuverband.ch\/wp-content\/uploads\/2019\/06\/Mitglieder_und_Presse_Querformat_15-1030x687_sw.jpg","datePublished":"2020-02-12T12:21:38+00:00","dateModified":"2023-08-28T11:38:47+00:00","breadcrumb":{"@id":"https:\/\/shiatsuverband.ch\/it\/shiatsu-come-terapia\/dati-di-ricerche\/#breadcrumb"},"inLanguage":"it-IT","potentialAction":[{"@type":"ReadAction","target":["https:\/\/shiatsuverband.ch\/it\/shiatsu-come-terapia\/dati-di-ricerche\/"]}]},{"@type":"ImageObject","inLanguage":"it-IT","@id":"https:\/\/shiatsuverband.ch\/it\/shiatsu-come-terapia\/dati-di-ricerche\/#primaryimage","url":"https:\/\/shiatsuverband.ch\/wp-content\/uploads\/2019\/06\/Mitglieder_und_Presse_Querformat_15-1030x687_sw.jpg","contentUrl":"https:\/\/shiatsuverband.ch\/wp-content\/uploads\/2019\/06\/Mitglieder_und_Presse_Querformat_15-1030x687_sw.jpg","width":1030,"height":687,"caption":"Pressebilder"},{"@type":"BreadcrumbList","@id":"https:\/\/shiatsuverband.ch\/it\/shiatsu-come-terapia\/dati-di-ricerche\/#breadcrumb","itemListElement":[{"@type":"ListItem","position":1,"name":"Startseite","item":"https:\/\/shiatsuverband.ch\/it\/lo-shiatsu-un-metodo-della-terapia-complementare\/"},{"@type":"ListItem","position":2,"name":"Terapia","item":"https:\/\/shiatsuverband.ch\/it\/shiatsu-come-terapia\/"},{"@type":"ListItem","position":3,"name":"Dati di ricerche"}]},{"@type":"WebSite","@id":"https:\/\/shiatsuverband.ch\/it\/#website","url":"https:\/\/shiatsuverband.ch\/it\/","name":"Shiatsu Gesellschaft Schweiz","description":"Shiatsu, eine Methode der Komplement\u00e4rTherapie","publisher":{"@id":"https:\/\/shiatsuverband.ch\/it\/#organization"},"potentialAction":[{"@type":"SearchAction","target":{"@type":"EntryPoint","urlTemplate":"https:\/\/shiatsuverband.ch\/it\/?s={search_term_string}"},"query-input":{"@type":"PropertyValueSpecification","valueRequired":true,"valueName":"search_term_string"}}],"inLanguage":"it-IT"},{"@type":"Organization","@id":"https:\/\/shiatsuverband.ch\/it\/#organization","name":"Shiatsu Gesellschaft Schweiz","url":"https:\/\/shiatsuverband.ch\/it\/","logo":{"@type":"ImageObject","inLanguage":"it-IT","@id":"https:\/\/shiatsuverband.ch\/it\/#\/schema\/logo\/image\/","url":"https:\/\/shiatsuverband.ch\/wp-content\/uploads\/2019\/04\/Shiatsuverband_Logo.png","contentUrl":"https:\/\/shiatsuverband.ch\/wp-content\/uploads\/2019\/04\/Shiatsuverband_Logo.png","width":387,"height":130,"caption":"Shiatsu Gesellschaft Schweiz"},"image":{"@id":"https:\/\/shiatsuverband.ch\/it\/#\/schema\/logo\/image\/"},"sameAs":["https:\/\/www.facebook.com\/shiatsugesellschaftschweiz"]}]}},"_links":{"self":[{"href":"https:\/\/shiatsuverband.ch\/it\/wp-json\/wp\/v2\/pages\/31498","targetHints":{"allow":["GET"]}}],"collection":[{"href":"https:\/\/shiatsuverband.ch\/it\/wp-json\/wp\/v2\/pages"}],"about":[{"href":"https:\/\/shiatsuverband.ch\/it\/wp-json\/wp\/v2\/types\/page"}],"author":[{"embeddable":true,"href":"https:\/\/shiatsuverband.ch\/it\/wp-json\/wp\/v2\/users\/1"}],"replies":[{"embeddable":true,"href":"https:\/\/shiatsuverband.ch\/it\/wp-json\/wp\/v2\/comments?post=31498"}],"version-history":[{"count":35,"href":"https:\/\/shiatsuverband.ch\/it\/wp-json\/wp\/v2\/pages\/31498\/revisions"}],"predecessor-version":[{"id":84135,"href":"https:\/\/shiatsuverband.ch\/it\/wp-json\/wp\/v2\/pages\/31498\/revisions\/84135"}],"up":[{"embeddable":true,"href":"https:\/\/shiatsuverband.ch\/it\/wp-json\/wp\/v2\/pages\/4497"}],"wp:featuredmedia":[{"embeddable":true,"href":"https:\/\/shiatsuverband.ch\/it\/wp-json\/wp\/v2\/media\/12907"}],"wp:attachment":[{"href":"https:\/\/shiatsuverband.ch\/it\/wp-json\/wp\/v2\/media?parent=31498"}],"curies":[{"name":"wp","href":"https:\/\/api.w.org\/{rel}","templated":true}]}}