{"id":4490,"date":"2019-04-05T09:21:12","date_gmt":"2019-04-05T07:21:12","guid":{"rendered":"https:\/\/shiatsuverband.ch\/?page_id=4490"},"modified":"2025-02-26T10:33:38","modified_gmt":"2025-02-26T09:33:38","slug":"contatto","status":"publish","type":"page","link":"https:\/\/shiatsuverband.ch\/it\/contatto\/","title":{"rendered":"Contatto"},"content":{"rendered":"\n<style type=\"text\/css\" data-created_by=\"avia_inline_auto\" id=\"style-css-av-ju2pfx98-5e861830dec161f9e8a943d416250229\">\n.avia-section.av-ju2pfx98-5e861830dec161f9e8a943d416250229{\nbackground-repeat:no-repeat;\nbackground-image:url(https:\/\/shiatsuverband.ch\/wp-content\/uploads\/2019\/04\/SGS-Foto_600BM_Kind_SF-1.jpg);\nbackground-position:50% 50%;\nbackground-attachment:scroll;\n}\n<\/style>\n<div id='av_section_1'  class='avia-section av-ju2pfx98-5e861830dec161f9e8a943d416250229 main_color avia-section-no-padding avia-no-border-styling  avia-builder-el-0  el_before_av_section  avia-builder-el-first  margin-top-color-section av-small-hide av-mini-hide avia-full-stretch avia-bg-style-scroll av-minimum-height av-minimum-height-custom av-height-custom  container_wrap fullsize'  data-section-bg-repeat='stretch' data-av_minimum_height_px='440'><div class='container av-section-cont-open' style='height:440px'><main  role=\"main\" itemprop=\"mainContentOfPage\"  class='template-page content  av-content-full alpha units'><div class='post-entry post-entry-type-page post-entry-4490'><div class='entry-content-wrapper clearfix'>\n<\/div><\/div><\/main><!-- close content main element --><\/div><\/div>\n<style type=\"text\/css\" data-created_by=\"avia_inline_auto\" id=\"style-css-av-juldoq0r-316b58829bbb42d721a7df903d8f03eb\">\n.avia-section.av-juldoq0r-316b58829bbb42d721a7df903d8f03eb{\nbackground-color:#009ed0;\nbackground-image:unset;\n}\n<\/style>\n<div id='av_section_2'  class='avia-section av-juldoq0r-316b58829bbb42d721a7df903d8f03eb main_color avia-section-no-padding avia-no-border-styling  avia-builder-el-1  el_after_av_section  el_before_av_one_half  color-section-title avia-bg-style-scroll container_wrap fullsize'  ><div class='container av-section-cont-open' ><div class='template-page content  av-content-full alpha units'><div class='post-entry post-entry-type-page post-entry-4490'><div class='entry-content-wrapper clearfix'>\n\n<style type=\"text\/css\" data-created_by=\"avia_inline_auto\" id=\"style-css-av-juldp5op-eb15166013101c8b5ba3d36b4655d3c0\">\n#top .hr.hr-invisible.av-juldp5op-eb15166013101c8b5ba3d36b4655d3c0{\nheight:40px;\n}\n<\/style>\n<div  class='hr av-juldp5op-eb15166013101c8b5ba3d36b4655d3c0 hr-invisible  avia-builder-el-2  el_before_av_textblock  avia-builder-el-first '><span class='hr-inner '><span class=\"hr-inner-style\"><\/span><\/span><\/div>\n<section  class='av_textblock_section av-juldpd9d-4529c1969fcd9350d79dd2db67153bc0 '   itemscope=\"itemscope\" itemtype=\"https:\/\/schema.org\/CreativeWork\" ><div class='avia_textblock'  itemprop=\"text\" ><h1 class=\"h1-white\">Contatto sede amministrativa<\/h1>\n<\/div><\/section>\n<\/div><\/div><\/div><!-- close content main div --><\/div><\/div><div id='after_section_2'  class='main_color av_default_container_wrap container_wrap fullsize'  ><div class='container av-section-cont-open' ><div class='template-page content  av-content-full alpha units'><div class='post-entry post-entry-type-page post-entry-4490'><div class='entry-content-wrapper clearfix'>\n\n<style type=\"text\/css\" data-created_by=\"avia_inline_auto\" id=\"style-css-av-g8bd-85361792f76d6d85c80be1b6481d03f2\">\n.flex_column.av-g8bd-85361792f76d6d85c80be1b6481d03f2{\nborder-radius:0px 0px 0px 0px;\npadding:0px 0px 0px 0px;\n}\n<\/style>\n<div  class='flex_column av-g8bd-85361792f76d6d85c80be1b6481d03f2 av_one_half  avia-builder-el-4  el_after_av_section  el_before_av_one_half  avia-builder-el-first  first flex_column_div av-zero-column-padding  '     ><\/div>\n\n<style type=\"text\/css\" data-created_by=\"avia_inline_auto\" id=\"style-css-av-10f39-c77f3b481021f5c4f12f5a47f721dc82\">\n.flex_column.av-10f39-c77f3b481021f5c4f12f5a47f721dc82{\nborder-radius:0px 0px 0px 0px;\npadding:0px 0px 0px 0px;\n}\n<\/style>\n<div  class='flex_column av-10f39-c77f3b481021f5c4f12f5a47f721dc82 av_one_half  avia-builder-el-6  el_after_av_one_half  avia-builder-el-last  flex_column_div av-zero-column-padding  '     ><section  class='av_textblock_section av-jsiblyge-86dc41be449de9f190fa485f8f75e35a '   itemscope=\"itemscope\" itemtype=\"https:\/\/schema.org\/CreativeWork\" ><div class='avia_textblock'  itemprop=\"text\" ><h2>Indirizzo postale<\/h2>\n<p>Associazione Svizzera di Shiatsu<br \/>\nEtzelmatt 5<br \/>\n5430 Wettingen<br \/>\n<a href=\"mailto:gs@shiatsuverband.ch\" target=\"_top\" rel=\"noopener noreferrer\">gs@shiatsuverband.ch<\/a><\/p>\n<\/div><\/section><br \/>\n\n<style type=\"text\/css\" data-created_by=\"avia_inline_auto\" id=\"style-css-av-jsibz0q8-f52039a73a4a819ad162434a3d280c64\">\n#top .hr.hr-invisible.av-jsibz0q8-f52039a73a4a819ad162434a3d280c64{\nheight:50px;\n}\n<\/style>\n<div  class='hr av-jsibz0q8-f52039a73a4a819ad162434a3d280c64 hr-invisible  avia-builder-el-8  el_after_av_textblock  el_before_av_textblock '><span class='hr-inner '><span class=\"hr-inner-style\"><\/span><\/span><\/div><br \/>\n<section  class='av_textblock_section av-kybo8o3y-357adbb0b10559a1c84212bc1f9c6859 '   itemscope=\"itemscope\" itemtype=\"https:\/\/schema.org\/CreativeWork\" ><div class='avia_textblock'  itemprop=\"text\" ><h2>Co-direzione della sede amministrativa<\/h2>\n<p>Ivana Scotti<br \/>\nKarin Eisenbl\u00e4tter<\/p>\n<\/div><\/section><br \/>\n\n<style type=\"text\/css\" data-created_by=\"avia_inline_auto\" id=\"style-css-av-41qkx6-5634d25b3d88896966e07e01af3a07be\">\n#top .hr.hr-invisible.av-41qkx6-5634d25b3d88896966e07e01af3a07be{\nheight:50px;\n}\n<\/style>\n<div  class='hr av-41qkx6-5634d25b3d88896966e07e01af3a07be hr-invisible  avia-builder-el-10  el_after_av_textblock  el_before_av_textblock '><span class='hr-inner '><span class=\"hr-inner-style\"><\/span><\/span><\/div><br \/>\n<section  class='av_textblock_section av-359dve-3d6c10c9a8940f58b38acc82a840d4e6 '   itemscope=\"itemscope\" itemtype=\"https:\/\/schema.org\/CreativeWork\" ><div class='avia_textblock'  itemprop=\"text\" ><h2>Servizio telefonico:<\/h2>\n<p>Marted\u00ec 12:00h \u2013 15:00h<br \/>\nMercoled\u00ec 11:00h &#8211; 13:00h<br \/>\nGiovedi 09:00h &#8211; 12:00h<\/p>\n<p>T +41 (0) 56 427 15 73<\/p>\n<\/div><\/section><br \/>\n<section  class='av_textblock_section av-jsiblyge-3-2299dcb7309318cfc6483de4182363bd '   itemscope=\"itemscope\" itemtype=\"https:\/\/schema.org\/CreativeWork\" ><div class='avia_textblock hide-telefonzeiten'  itemprop=\"text\" ><h2>Servizio telefonico (in francese):<\/h2>\n<p>Pour cause de maladie et d&#8217;accident, notre secr\u00e9tariat n&#8217;est actuellement que partiellement op\u00e9rationnel. De ce fait, il ne nous est pas possible de maintenir le service t\u00e9l\u00e9phonique en janvier. Nous nous en excusons.<\/p>\n<p>Nous sommes toutefois joignables par e-mail \u00e0 l&#8217;adresse <a href=\"mailto:gs@shiatsuverband.ch\">gs@shiatsuverband.ch<\/a>. N&#8217;h\u00e9site pas \u00e0 nous envoyer tes questions par courrier \u00e9lectronique. Si tu souhaites que l&#8217;on te rappelle, indique ton num\u00e9ro de t\u00e9l\u00e9phone et des informations concernant tes disponibilit\u00e9s afin que nous puissions te recontacter.<\/p>\n<\/div><\/section><br \/>\n\n<style type=\"text\/css\" data-created_by=\"avia_inline_auto\" id=\"style-css-av-jsibz0q8-2-8165be00cd24aa83f1f68a7b788389a9\">\n#top .hr.hr-invisible.av-jsibz0q8-2-8165be00cd24aa83f1f68a7b788389a9{\nheight:50px;\n}\n<\/style>\n<div  class='hr av-jsibz0q8-2-8165be00cd24aa83f1f68a7b788389a9 hr-invisible  avia-builder-el-13  el_after_av_textblock  el_before_av_textblock '><span class='hr-inner '><span class=\"hr-inner-style\"><\/span><\/span><\/div><br \/>\n<section  class='av_textblock_section av-jsiblyge-1-2822caada943310a515c4c8714b20caa '   itemscope=\"itemscope\" itemtype=\"https:\/\/schema.org\/CreativeWork\" ><div class='avia_textblock'  itemprop=\"text\" ><p>Le richieste da parte di non soci sono a pagamento. <a href=\"mailto:gs@shiatsuverband.ch\">L&#8217;ufficio<\/a> sar\u00e0 lieto di fornirvi informazioni sulle tariffe attualmente in vigore.<\/p>\n<\/div><\/section><\/p><\/div>\n","protected":false},"excerpt":{"rendered":"","protected":false},"author":1,"featured_media":0,"parent":0,"menu_order":0,"comment_status":"closed","ping_status":"closed","template":"","meta":{"_acf_changed":false,"_monsterinsights_skip_tracking":false,"_monsterinsights_sitenote_active":false,"_monsterinsights_sitenote_note":"","_monsterinsights_sitenote_category":0,"footnotes":""},"class_list":["post-4490","page","type-page","status-publish","hentry"],"acf":[],"yoast_head":"<!-- This site is optimized with the Yoast SEO plugin v27.4 - https:\/\/yoast.com\/product\/yoast-seo-wordpress\/ -->\n<title>Contatto - Associazione Svizzera di Shiatsu<\/title>\n<meta name=\"description\" content=\"Associazione Svizzera di Shiatsu Etzelmatt 55430 Wettingen\" \/>\n<meta name=\"robots\" content=\"index, follow, max-snippet:-1, max-image-preview:large, max-video-preview:-1\" \/>\n<link rel=\"canonical\" href=\"https:\/\/shiatsuverband.ch\/it\/contatto\/\" \/>\n<meta property=\"og:locale\" content=\"it_IT\" \/>\n<meta property=\"og:type\" content=\"article\" \/>\n<meta property=\"og:title\" content=\"Contatto - Associazione Svizzera di Shiatsu\" \/>\n<meta property=\"og:description\" content=\"Associazione Svizzera di Shiatsu Etzelmatt 55430 Wettingen\" \/>\n<meta property=\"og:url\" content=\"https:\/\/shiatsuverband.ch\/it\/contatto\/\" \/>\n<meta property=\"og:site_name\" content=\"Shiatsu Gesellschaft Schweiz\" \/>\n<meta property=\"article:publisher\" content=\"https:\/\/www.facebook.com\/shiatsugesellschaftschweiz\" \/>\n<meta property=\"article:modified_time\" content=\"2025-02-26T09:33:38+00:00\" \/>\n<meta name=\"twitter:card\" content=\"summary_large_image\" \/>\n<meta name=\"twitter:label1\" content=\"Tempo di lettura stimato\" \/>\n\t<meta name=\"twitter:data1\" content=\"1 minuto\" \/>\n<script type=\"application\/ld+json\" class=\"yoast-schema-graph\">{\"@context\":\"https:\\\/\\\/schema.org\",\"@graph\":[{\"@type\":\"WebPage\",\"@id\":\"https:\\\/\\\/shiatsuverband.ch\\\/it\\\/contatto\\\/\",\"url\":\"https:\\\/\\\/shiatsuverband.ch\\\/it\\\/contatto\\\/\",\"name\":\"Contatto - Associazione Svizzera di Shiatsu\",\"isPartOf\":{\"@id\":\"https:\\\/\\\/shiatsuverband.ch\\\/it\\\/#website\"},\"datePublished\":\"2019-04-05T07:21:12+00:00\",\"dateModified\":\"2025-02-26T09:33:38+00:00\",\"description\":\"Associazione Svizzera di Shiatsu Etzelmatt 55430 Wettingen\",\"breadcrumb\":{\"@id\":\"https:\\\/\\\/shiatsuverband.ch\\\/it\\\/contatto\\\/#breadcrumb\"},\"inLanguage\":\"it-IT\",\"potentialAction\":[{\"@type\":\"ReadAction\",\"target\":[\"https:\\\/\\\/shiatsuverband.ch\\\/it\\\/contatto\\\/\"]}]},{\"@type\":\"BreadcrumbList\",\"@id\":\"https:\\\/\\\/shiatsuverband.ch\\\/it\\\/contatto\\\/#breadcrumb\",\"itemListElement\":[{\"@type\":\"ListItem\",\"position\":1,\"name\":\"Startseite\",\"item\":\"https:\\\/\\\/shiatsuverband.ch\\\/it\\\/lo-shiatsu-un-metodo-della-terapia-complementare\\\/\"},{\"@type\":\"ListItem\",\"position\":2,\"name\":\"Contatto\"}]},{\"@type\":\"WebSite\",\"@id\":\"https:\\\/\\\/shiatsuverband.ch\\\/it\\\/#website\",\"url\":\"https:\\\/\\\/shiatsuverband.ch\\\/it\\\/\",\"name\":\"Shiatsu Gesellschaft Schweiz\",\"description\":\"Shiatsu, eine Methode der Komplement\u00e4rTherapie\",\"publisher\":{\"@id\":\"https:\\\/\\\/shiatsuverband.ch\\\/it\\\/#organization\"},\"potentialAction\":[{\"@type\":\"SearchAction\",\"target\":{\"@type\":\"EntryPoint\",\"urlTemplate\":\"https:\\\/\\\/shiatsuverband.ch\\\/it\\\/?s={search_term_string}\"},\"query-input\":{\"@type\":\"PropertyValueSpecification\",\"valueRequired\":true,\"valueName\":\"search_term_string\"}}],\"inLanguage\":\"it-IT\"},{\"@type\":\"Organization\",\"@id\":\"https:\\\/\\\/shiatsuverband.ch\\\/it\\\/#organization\",\"name\":\"Shiatsu Gesellschaft Schweiz\",\"url\":\"https:\\\/\\\/shiatsuverband.ch\\\/it\\\/\",\"logo\":{\"@type\":\"ImageObject\",\"inLanguage\":\"it-IT\",\"@id\":\"https:\\\/\\\/shiatsuverband.ch\\\/it\\\/#\\\/schema\\\/logo\\\/image\\\/\",\"url\":\"https:\\\/\\\/shiatsuverband.ch\\\/wp-content\\\/uploads\\\/2019\\\/04\\\/Shiatsuverband_Logo.png\",\"contentUrl\":\"https:\\\/\\\/shiatsuverband.ch\\\/wp-content\\\/uploads\\\/2019\\\/04\\\/Shiatsuverband_Logo.png\",\"width\":387,\"height\":130,\"caption\":\"Shiatsu Gesellschaft Schweiz\"},\"image\":{\"@id\":\"https:\\\/\\\/shiatsuverband.ch\\\/it\\\/#\\\/schema\\\/logo\\\/image\\\/\"},\"sameAs\":[\"https:\\\/\\\/www.facebook.com\\\/shiatsugesellschaftschweiz\"]}]}<\/script>\n<!-- \/ Yoast SEO plugin. -->","yoast_head_json":{"title":"Contatto - Associazione Svizzera di Shiatsu","description":"Associazione Svizzera di Shiatsu Etzelmatt 55430 Wettingen","robots":{"index":"index","follow":"follow","max-snippet":"max-snippet:-1","max-image-preview":"max-image-preview:large","max-video-preview":"max-video-preview:-1"},"canonical":"https:\/\/shiatsuverband.ch\/it\/contatto\/","og_locale":"it_IT","og_type":"article","og_title":"Contatto - Associazione Svizzera di Shiatsu","og_description":"Associazione Svizzera di Shiatsu Etzelmatt 55430 Wettingen","og_url":"https:\/\/shiatsuverband.ch\/it\/contatto\/","og_site_name":"Shiatsu Gesellschaft Schweiz","article_publisher":"https:\/\/www.facebook.com\/shiatsugesellschaftschweiz","article_modified_time":"2025-02-26T09:33:38+00:00","twitter_card":"summary_large_image","twitter_misc":{"Tempo di lettura stimato":"1 minuto"},"schema":{"@context":"https:\/\/schema.org","@graph":[{"@type":"WebPage","@id":"https:\/\/shiatsuverband.ch\/it\/contatto\/","url":"https:\/\/shiatsuverband.ch\/it\/contatto\/","name":"Contatto - Associazione Svizzera di Shiatsu","isPartOf":{"@id":"https:\/\/shiatsuverband.ch\/it\/#website"},"datePublished":"2019-04-05T07:21:12+00:00","dateModified":"2025-02-26T09:33:38+00:00","description":"Associazione Svizzera di Shiatsu Etzelmatt 55430 Wettingen","breadcrumb":{"@id":"https:\/\/shiatsuverband.ch\/it\/contatto\/#breadcrumb"},"inLanguage":"it-IT","potentialAction":[{"@type":"ReadAction","target":["https:\/\/shiatsuverband.ch\/it\/contatto\/"]}]},{"@type":"BreadcrumbList","@id":"https:\/\/shiatsuverband.ch\/it\/contatto\/#breadcrumb","itemListElement":[{"@type":"ListItem","position":1,"name":"Startseite","item":"https:\/\/shiatsuverband.ch\/it\/lo-shiatsu-un-metodo-della-terapia-complementare\/"},{"@type":"ListItem","position":2,"name":"Contatto"}]},{"@type":"WebSite","@id":"https:\/\/shiatsuverband.ch\/it\/#website","url":"https:\/\/shiatsuverband.ch\/it\/","name":"Shiatsu Gesellschaft Schweiz","description":"Shiatsu, eine Methode der Komplement\u00e4rTherapie","publisher":{"@id":"https:\/\/shiatsuverband.ch\/it\/#organization"},"potentialAction":[{"@type":"SearchAction","target":{"@type":"EntryPoint","urlTemplate":"https:\/\/shiatsuverband.ch\/it\/?s={search_term_string}"},"query-input":{"@type":"PropertyValueSpecification","valueRequired":true,"valueName":"search_term_string"}}],"inLanguage":"it-IT"},{"@type":"Organization","@id":"https:\/\/shiatsuverband.ch\/it\/#organization","name":"Shiatsu Gesellschaft Schweiz","url":"https:\/\/shiatsuverband.ch\/it\/","logo":{"@type":"ImageObject","inLanguage":"it-IT","@id":"https:\/\/shiatsuverband.ch\/it\/#\/schema\/logo\/image\/","url":"https:\/\/shiatsuverband.ch\/wp-content\/uploads\/2019\/04\/Shiatsuverband_Logo.png","contentUrl":"https:\/\/shiatsuverband.ch\/wp-content\/uploads\/2019\/04\/Shiatsuverband_Logo.png","width":387,"height":130,"caption":"Shiatsu Gesellschaft Schweiz"},"image":{"@id":"https:\/\/shiatsuverband.ch\/it\/#\/schema\/logo\/image\/"},"sameAs":["https:\/\/www.facebook.com\/shiatsugesellschaftschweiz"]}]}},"_links":{"self":[{"href":"https:\/\/shiatsuverband.ch\/it\/wp-json\/wp\/v2\/pages\/4490","targetHints":{"allow":["GET"]}}],"collection":[{"href":"https:\/\/shiatsuverband.ch\/it\/wp-json\/wp\/v2\/pages"}],"about":[{"href":"https:\/\/shiatsuverband.ch\/it\/wp-json\/wp\/v2\/types\/page"}],"author":[{"embeddable":true,"href":"https:\/\/shiatsuverband.ch\/it\/wp-json\/wp\/v2\/users\/1"}],"replies":[{"embeddable":true,"href":"https:\/\/shiatsuverband.ch\/it\/wp-json\/wp\/v2\/comments?post=4490"}],"version-history":[{"count":28,"href":"https:\/\/shiatsuverband.ch\/it\/wp-json\/wp\/v2\/pages\/4490\/revisions"}],"predecessor-version":[{"id":113023,"href":"https:\/\/shiatsuverband.ch\/it\/wp-json\/wp\/v2\/pages\/4490\/revisions\/113023"}],"wp:attachment":[{"href":"https:\/\/shiatsuverband.ch\/it\/wp-json\/wp\/v2\/media?parent=4490"}],"curies":[{"name":"wp","href":"https:\/\/api.w.org\/{rel}","templated":true}]}}